{"id":62,"date":"2020-11-04T07:30:08","date_gmt":"2020-11-04T07:30:08","guid":{"rendered":"https:\/\/fc-niederkalbach.de\/?page_id=62"},"modified":"2021-07-16T09:14:51","modified_gmt":"2021-07-16T09:14:51","slug":"chronik","status":"publish","type":"page","link":"https:\/\/fc-niederkalbach.de\/?page_id=62","title":{"rendered":"Chronik"},"content":{"rendered":"\n<hr class=\"wp-block-separator\"\/>\n\n\n\n<h2 class=\"wp-block-heading\">Vereins-Chronik 1907 bis 2021<\/h2>\n\n\n\n<p>Bekanntlich l\u00e4sst sich das Rad der Geschichte, auch das der Vereinsgeschichte, nicht zur\u00fcckdrehen. Die Gedanken k\u00f6nnen aber r\u00fcckw\u00e4rtsgehen und somit manches in Erinnerung bringen. Vor allem f\u00fcr die j\u00fcngeren Mitglieder kann es interessant sein, wenn \u00dcberlieferungen aus den Gr\u00fcndungsjahren unseres Sportvereins zu Papier gebracht werden. Sie beweisen n\u00e4mlich, dass Idealismus und Begeisterung Grundlage bei der Gr\u00fcndung des FC Union waren, ohne die es keine Erfolge, keine Meisterschaften und keinen Bestand gegeben h\u00e4tte.<\/p>\n\n\n\n<h3 class=\"wp-block-heading\"><strong>1907-1909<\/strong><\/h3>\n\n\n\n<p>Einige fu\u00dfballbegeisterte junge M\u00e4nner fanden sich zusammen und gr\u00fcndeten den &#8222;Fu\u00dfball Club-Union 07 Niederkalbach&#8220;.<\/p>\n\n\n\n<p>Es waren dies:<\/p>\n\n\n\n<p>Adolf Kre\u00df, Willi Kress, Franz Stocklossa, Paul Stocklossa, Leopold Friedrich,<\/p>\n\n\n\n<p>Wilhelm Kempf, Quo Herbert, Heinrich Winter, Damian Birk, Josef Atzert,<\/p>\n\n\n\n<p>Damian H\u00fcbner, Anton Bonnert und die Gebr\u00fcder Adrian.<\/p>\n\n\n\n<p>Da diese fu\u00dfballbegeisterten jungen M\u00e4nner aus Neuhof und Niederkalbach kamen, w\u00e4hlte man den Vereinsnamen &#8222;Union&#8220;.<\/p>\n\n\n\n<figure class=\"wp-block-image size-large\"><img loading=\"lazy\" decoding=\"async\" width=\"640\" height=\"460\" src=\"https:\/\/fc-niederkalbach.de\/wp-content\/uploads\/2020\/11\/Mannschaft_1907.jpg\" alt=\"\" class=\"wp-image-128\" srcset=\"https:\/\/fc-niederkalbach.de\/wp-content\/uploads\/2020\/11\/Mannschaft_1907.jpg 640w, https:\/\/fc-niederkalbach.de\/wp-content\/uploads\/2020\/11\/Mannschaft_1907-300x216.jpg 300w\" sizes=\"auto, (max-width: 640px) 100vw, 640px\" \/><\/figure>\n\n\n\n<p><\/p>\n\n\n\n<p>stehend v. l.:&nbsp;&nbsp;&nbsp; Willhelm Kress, Leopold Kempf, Friedrich Kempf, Wilhelm Heil, Jean Adrian,Adolf Kre\u00df, Heinrich Bonnert, Damian Birk,<\/p>\n\n\n\n<p>sitzend v.l.:&nbsp;&nbsp;&nbsp;&nbsp;&nbsp;&nbsp; Franz Adrian, Heinrich Winter, Otto Herbert<\/p>\n\n\n\n<p>Zum 1. Vorsitzenden wurde nach der Gr\u00fcndung des Vereins Adolf Kress gew\u00e4hlt.<\/p>\n\n\n\n<hr class=\"wp-block-separator\"\/>\n\n\n\n<p>Die Vereinsfarben waren gr\u00fcn-wei\u00df-schwarz und rot. Der Mitbegr\u00fcnder des Vereins, Josef Atzert, stellte seine Gastwirtschaft als Vereinslokal zur Verf\u00fcgung. Ein Sportplatz war nicht vorhanden. Es wurde auf verschiedenen Wiesen gespielt, wobei nach Bedarf Torstangen aufgestellt wurden.<\/p>\n\n\n\n<p>\u00d6ffentlich stand der Verein in kritischer Betrachtung. Er erhielt damals keine Unterst\u00fctzung vom Staat, keine Unterst\u00fctzung von der Gemeinde und auch keinerlei Unterst\u00fctzung aus der \u00fcbrigen Bev\u00f6lkerung.<\/p>\n\n\n\n<p>Die entstehenden Kosten mussten die Vereinsmitglieder aus ihrer Tasche bezahlen. Die ersten Spielpartner des jungen Vereins waren:<\/p>\n\n\n\n<p>Viktoria Fulda, Bretterhole Fulda, Gro\u00dfenl\u00fcder, Poppenhausen und Hutten.<\/p>\n\n\n\n<p>Im Jahr 1910 kamen noch Neuhof und 1912 Flieden dazu. Der Verein kann in den Jahren 1907-1909 einen stetigen Mitgliederzuwachs feststellen.<\/p>\n\n\n\n<figure class=\"wp-block-image size-large\"><img loading=\"lazy\" decoding=\"async\" width=\"627\" height=\"480\" src=\"https:\/\/fc-niederkalbach.de\/wp-content\/uploads\/2020\/11\/Mannschaft_1909.jpg\" alt=\"\" class=\"wp-image-130\" srcset=\"https:\/\/fc-niederkalbach.de\/wp-content\/uploads\/2020\/11\/Mannschaft_1909.jpg 627w, https:\/\/fc-niederkalbach.de\/wp-content\/uploads\/2020\/11\/Mannschaft_1909-300x230.jpg 300w\" sizes=\"auto, (max-width: 627px) 100vw, 627px\" \/><\/figure>\n\n\n\n<p>erh\u00f6ht stehend v.l.: Noll Emil, Adrian Andres, Gutberlet Karl, Adrian Franz, unbekannt <br>stehend v.l.: &nbsp;&nbsp;&nbsp;&nbsp;&nbsp;&nbsp;&nbsp;&nbsp;&nbsp;&nbsp; Kempf Friedrich, Birk Damian, Kempf Leopold, Stocklossa Franz, Sauer Gregor, Kaib Friedrich, Adrian Jean, Kress Wilhelm, Stocklossa Paul<\/p>\n\n\n\n<p>sitzend v.l.: &nbsp;&nbsp;&nbsp;&nbsp;&nbsp;&nbsp;&nbsp;&nbsp;&nbsp;&nbsp;&nbsp;&nbsp; Heil Wilhelm, H\u00fcbner Damian, Kre\u00df Adolf, H\u00fcbner Karl, Atzert Josef<\/p>\n\n\n\n<p>liegend v.l.: &nbsp;&nbsp;&nbsp;&nbsp;&nbsp;&nbsp;&nbsp;&nbsp;&nbsp;&nbsp;&nbsp; Atzert Alois, Auth Gregor, Kropp Gregor, Noll Karl<\/p>\n\n\n\n<hr class=\"wp-block-separator\"\/>\n\n\n\n<h3 class=\"wp-block-heading\"><strong>1910-1913<\/strong><\/h3>\n\n\n\n<p>Der Sportverein Neuhof wird gegr\u00fcndet. Die aus Neuhof kommenden Spieler schlie\u00dfen sich dem Neuhofer Verein an, so dass der Verein vorerst nur auf Spieler von<\/p>\n\n\n\n<p>Niederkalbach angewiesen ist. Eine Verst\u00e4rkung erh\u00e4lt der Verein durch einige Spieler aus der Nachbargemeinde Mittelkalbach.<\/p>\n\n\n\n<hr class=\"wp-block-separator\"\/>\n\n\n\n<h3 class=\"wp-block-heading\"><strong>1914-1918<\/strong><\/h3>\n\n\n\n<p>Durch den ersten Weltkrieg kommt der Spielbetrieb zum Erliegen. Der weitaus gr\u00f6\u00dfte Teil der aktiven Vereinsmitglieder wurde zum Kriegsdienst einberufen. Leider kehrte ein gro\u00dfer Teil nicht mehr zur\u00fcck. Immerhin hatte die Gemeinde Niederkalbach von ihren damals rund 600 Einwohnern einen schmerzlichen Verlust von 39 Gefallenen und Vermissten zu beklagen.<\/p>\n\n\n\n<hr class=\"wp-block-separator\"\/>\n\n\n\n<h3 class=\"wp-block-heading\"><strong>1919<\/strong><\/h3>\n\n\n\n<p>Im ersten Nachkriegsjahr kam ein aktives Vereinsleben noch nicht zustande. Es wurde deshalb ein Zusammenschluss mit anderen Vereinen in Niederkalbach ins Auge gefasst.<\/p>\n\n\n\n<hr class=\"wp-block-separator\"\/>\n\n\n\n<h3 class=\"wp-block-heading\"><strong>1920-1924<\/strong><\/h3>\n\n\n\n<p>Der Sportverein Mittelkalbach wird gegr\u00fcndet. Die aus Mittelkalbach kommenden Spieler schlie\u00dfen sich dem Mittelkalbacher Verein an.<\/p>\n\n\n\n<p>Infolge der Abwanderung der Neuhofer Spieler, der Kriegseinwirkungen und auch der Abwanderung der Mittelkalbacher Spieler kam der Verein im Spielbetrieb in gr\u00f6\u00dfere Schwierigkeiten.<\/p>\n\n\n\n<p>Deshalb schlossen sich am 6.Juli 1920 die Vereine Fu\u00dfball-Club-Union Niederkalbach, Kegelclub Gut-Holz Niederkalbach, Handwerkverein Niederkalbach zu einem gemeinsamen Verein zusammen und gaben ihm den Namen &#8222;Arbeiter-, Turn- und Sportverein Niederkalbach&#8220;<\/p>\n\n\n\n<p>Die drei zusammengeschlossenen Vereine entwickelten ein umfangreiches Programm. Neben Fu\u00dfballspielen waren Kegeln, Turnen und Leichtathletik vorgesehen.<\/p>\n\n\n\n<p>Zum 1. Vorsitzenden w\u00e4hlten die Vereinsmitglieder Karl Noll. Ihm folgten bis 1939 Damian H\u00fcbner, Josef R\u00f6hrig, Karl Fr\u00f6hlig, Ludwig M\u00f6ller und Rudolf Atzert.<\/p>\n\n\n\n<hr class=\"wp-block-separator\"\/>\n\n\n\n<h3 class=\"wp-block-heading\"><strong>1925-1927<\/strong><\/h3>\n\n\n\n<p>Die Intensivierung des Vereinslebens f\u00fchrt zu einem weiteren Mitgliederzuwachs. Viele Jugendliche werden Mitglieder des Vereins. Der Fu\u00dfball entwickelt sich zur Hauptsportart. Es wird auch geturnt, gekegelt und Leichtathletik getrieben.<\/p>\n\n\n\n<p>F\u00fcr Neuanschaffungen erwirkte der Gewerkschaftssekret\u00e4r Gustav Auth eine Beihilfe von der Regierung in H\u00f6he von 800 RM.<\/p>\n\n\n\n<p>F\u00fcr die damalige Zeit eine sehr hohe Beihilfe, da die gesamten Turn- und Sportger\u00e4te weniger als 900 RM kosteten. Die Turnger\u00e4te wurden im Saal der Gastwirtschaft Atzert aufgestellt. Unter der Leitung des Turnlehrers Adolf Moll war es m\u00f6glich, gute Turnleistungen zu erzielen. Neben der Seniorenturnriege bestand eine Sch\u00fclerturnriege. Leider wurde den Sch\u00fclern von Seiten der Schule Niederkalbach die Teilnahme an den Turn\u00fcbungen des Vereins untersagt. Dieses Verbot f\u00fchrte dazu, dass die Sch\u00fcler nur noch zur\u00fcckgezogen turnen konnten.<\/p>\n\n\n\n<p>Im Jahre 1925 wurde die Deutsche-Jugend-Kraft (DJK) Niederkalbach gegr\u00fcndet und von der Kirchengemeinde Niederkalbach gef\u00f6rdert. Dieser Verein spielte auch Fu\u00dfball und war als gewisse Konkurrenz des Sportvereins zu betrachten. Auch diesem Verein stand vorerst ein Sportplatz nicht zur Verf\u00fcgung.<\/p>\n\n\n\n<p>Kuratus F\u00fcller, der Pr\u00e4ses der DJK, erreichte nach Verhandlungen mit Grundst\u00fcckseigent\u00fcmern die Bereitstellung eines Wiesengrundst\u00fccks in der Fischbach zur Herrichtung eines Sportplatzes.<\/p>\n\n\n\n<p>Der Vorfluter Fischbach wurde verrohrt, das Grundst\u00fcck einplaniert und zu einem Spielfeld hergerichtet. Zur Beschaffung und Herrichtung des Sportplatzes wurden durch den Kreis Fulda Beihilfen zur Verf\u00fcgung gestellt. Die H\u00f6he ist nicht mehr bekannt.<\/p>\n\n\n\n<figure class=\"wp-block-image size-large\"><img loading=\"lazy\" decoding=\"async\" width=\"640\" height=\"387\" src=\"https:\/\/fc-niederkalbach.de\/wp-content\/uploads\/2020\/11\/Mannschaft_1927.jpg\" alt=\"\" class=\"wp-image-131\" srcset=\"https:\/\/fc-niederkalbach.de\/wp-content\/uploads\/2020\/11\/Mannschaft_1927.jpg 640w, https:\/\/fc-niederkalbach.de\/wp-content\/uploads\/2020\/11\/Mannschaft_1927-300x181.jpg 300w\" sizes=\"auto, (max-width: 640px) 100vw, 640px\" \/><\/figure>\n\n\n\n<p>hintere Reihe v.l.:&nbsp; &nbsp;&nbsp;&nbsp; Anton R\u00f6hrig, Wilhelm R\u00f6hrig, Josef Sauer, Josef Sallmann, Amand Jahn, Franz N\u00fcchter, August Sauer<\/p>\n\n\n\n<p>vordere Reihe v.l.:&nbsp; &nbsp;&nbsp; Leo Faust, Otto M\u00f6ller, Wilhelm Desoi, Karl Fr\u00f6hlig, Ferdinand Sallmann<\/p>\n\n\n\n<p>Dieser Sportplatz sollte, nach einem vorliegenden Schreiben des Pr\u00e4ses der DJK, Kuratus F\u00fcller, vom 26.2.1926 an das Kreisjugendamt Fulda, in das Eigentum der Kirchengemeinde Niederkalbach \u00fcberf\u00fchrt werden. In diesem Schreiben ist zudem aufgef\u00fchrt, dass auch anders orientierte Sportvereine, gegen annehmbare Pacht, auf dem betreffenden Sportplatz spielen sollten.<\/p>\n\n\n\n<p>Nach Fertigstellung des Sportplatzes l\u00f6ste sich die DJK auf und der Platz ging in Privateigentum \u00fcber. Die Sportplatzfrage f\u00fcr den Sportverein war nun weiterhin aktuell und bedurfte einer baldigen Regelung. Nach eingehenden Bem\u00fchungen gelang es am 13.Juni 1926 mit dem Landwirt Eduard Ruppert \u00fcber das Ackergrundst\u00fcck &#8222;Am Sand&#8220; mit einer Gr\u00f6\u00dfe von 0,648 ha einen Pachtvertrag f\u00fcr die Zeit vom 1. August 1926 bis 1. August 1934 abzuschlie\u00dfen. Dieser Pachtvertrag liegt noch im Original vor. Der Pachtpreis betrug j\u00e4hrlich 93 RM pro Morgen. Umgerechnet waren dies 241,06 RM j\u00e4hrlich. Ein sehr hoher Pachtpreis. Das Grundst\u00fcck hatte sehr starkes Gef\u00e4lle. Nach den Auflagen des Eigent\u00fcmers durfte nur die Oberfl\u00e4che eingeebnet werden. Eine Beseitigung des Gef\u00e4lles war daher nicht m\u00f6glich und somit war der Sportplatz mehr schlecht als recht. Trotzdem war man froh, das betreffende Grundst\u00fcck zur Verf\u00fcgung zu haben.<\/p>\n\n\n\n<p>Durch Gemeinschaftsarbeit vieler Vereinsmitglieder wurde der Platz einigerma\u00dfen hergerichtet. Neben der Aufstellung von Torstangen und der Abgrenzung des<\/p>\n\n\n\n<p>Spielfeldes konnte der gesamte Sportplatz mit einem 2m hohen Bretterzaun eingefriedet werden. Nach einem noch im Original vorliegenden Beleg betrugen die Materialkosten 854,40 RM und die Lohnkosten 932,20 RM. Gustav Auth erwirkte f\u00fcr den Sportverein vom Kreis und von der Regierung eine Gesamtbeihilfe in H\u00f6he von<\/p>\n\n\n\n<p>850 RM. Mit diesem Betrag konnten alle anfallenden Materialkosten bezahlt werden.<\/p>\n\n\n\n<p>Im Jahr 1927 fand auf dem Sportplatz das 20-j\u00e4hrige Stiftungsfest statt.<\/p>\n\n\n\n<p><strong>Sportfest zum 20-j\u00e4hrigen Bestehen Pfingsten 1927, Spiel gegen Sterbfritz<\/strong><\/p>\n\n\n\n<p>Dieses Spiel wurde mit 6 : 2 gewonnen. Dabei erzielte Friedrich Werner 4 Treffer.<\/p>\n\n\n\n<figure class=\"wp-block-image size-large\"><img loading=\"lazy\" decoding=\"async\" width=\"1024\" height=\"641\" src=\"https:\/\/fc-niederkalbach.de\/wp-content\/uploads\/2020\/11\/Mannschaft_1927_2-1024x641.jpg\" alt=\"\" class=\"wp-image-132\" srcset=\"https:\/\/fc-niederkalbach.de\/wp-content\/uploads\/2020\/11\/Mannschaft_1927_2-1024x641.jpg 1024w, https:\/\/fc-niederkalbach.de\/wp-content\/uploads\/2020\/11\/Mannschaft_1927_2-300x188.jpg 300w, https:\/\/fc-niederkalbach.de\/wp-content\/uploads\/2020\/11\/Mannschaft_1927_2-768x480.jpg 768w, https:\/\/fc-niederkalbach.de\/wp-content\/uploads\/2020\/11\/Mannschaft_1927_2.jpg 1421w\" sizes=\"auto, (max-width: 767px) 89vw, (max-width: 1000px) 54vw, (max-width: 1071px) 543px, 580px\" \/><\/figure>\n\n\n\n<p>hinten v.l.: &nbsp;&nbsp;&nbsp;&nbsp;&nbsp;3 Gastspieler aus Rommerz (Namen nicht bekannt), Josef Sauer, Friedrich Werner dazwischen Heinrich Auth, Ferdinand Sallmann, Damian Desoi<\/p>\n\n\n\n<p>vorn v.l.: &nbsp;&nbsp;&nbsp;&nbsp;&nbsp;&nbsp; Robert Sauer, Albert Adrian, Karl Fr\u00f6hlig<\/p>\n\n\n\n<hr class=\"wp-block-separator\"\/>\n\n\n\n<h3 class=\"wp-block-heading\"><strong>1928-1933<\/strong><\/h3>\n\n\n\n<h4 class=\"wp-block-heading\">1929 Ausflug zur Wartburg<\/h4>\n\n\n\n<figure class=\"wp-block-image size-large\"><img loading=\"lazy\" decoding=\"async\" width=\"898\" height=\"535\" src=\"https:\/\/fc-niederkalbach.de\/wp-content\/uploads\/2020\/11\/Ausflug_1929_Wartburg.jpg\" alt=\"\" class=\"wp-image-133\" srcset=\"https:\/\/fc-niederkalbach.de\/wp-content\/uploads\/2020\/11\/Ausflug_1929_Wartburg.jpg 898w, https:\/\/fc-niederkalbach.de\/wp-content\/uploads\/2020\/11\/Ausflug_1929_Wartburg-300x179.jpg 300w, https:\/\/fc-niederkalbach.de\/wp-content\/uploads\/2020\/11\/Ausflug_1929_Wartburg-768x458.jpg 768w\" sizes=\"auto, (max-width: 767px) 89vw, (max-width: 1000px) 54vw, (max-width: 1071px) 543px, 580px\" \/><\/figure>\n\n\n\n<p>Das Vereinsgeschehen erlebt in dieser Zeit entscheidende Impulse durch kulturelle Veranstaltungen. Neben den j\u00e4hrlichen Theaterveranstaltungen unter der Leitung von Josef R\u00f6hrig finden Tanzveranstaltungen und Familienabende statt. Durch diese Veranstaltungen und auch durch das immer gr\u00f6\u00dfer werdende Interesse am Fu\u00dfball<\/p>\n\n\n\n<p>gewinnt der Verein bei dem gr\u00f6\u00dften Teil der Bev\u00f6lkerung Anerkennung.<\/p>\n\n\n\n<p>Auch beim Verein konzentriert sich das Interesse immer mehr auf den Fu\u00dfball, w\u00e4hrend die Leichtathletik und das Turnen allm\u00e4hlich zum Erliegen kommen. Diese Begeisterung am Fu\u00dfball erm\u00f6glicht die Aufstellung einer 1. Mannschaft und einer Jugendmannschaft. An den Verbandsspielen nehmen die 1. Mannschaft und die Jugendmannschaft teil. Die 2. Mannschaft steht nur f\u00fcr Freundschaftsspiele zur Verf\u00fcgung.<\/p>\n\n\n\n<p>Zur Fu\u00dfballbekleidung werden seitens des Vereins nur die Trikots gestellt. Die \u00fcbrigen Bekleidungsteile, wie Hosen, Stutzen, Schuhe und sonstige erforderlichen Teile, sind von jedem Sportler selbst zu besorgen. Zu den Spielen gegen die Nachbargemeinden geht es grunds\u00e4tzlich zu Fu\u00df. Ist der Weg etwas weiter, wird das Fahrrad &#8211; das manchmal geliehen werden musste &#8211; oder, bei einer vorhandenen Bahnstation am Spielort, die Bahn benutzt. Wie bekannt, war der Sportplatz f\u00fcr die Zeit vom 1. August 1926 bis 1. August 1934 gepachtet. Bevor die Pachtzeit zu Ende ging, gelang es dem Sportverein das betreffende Grundst\u00fcck am 2. Februar 1933 k\u00e4uflich zu erwerben. Der Kaufpreis ist nicht mehr bekannt. Nun hatte der Sportverein einen eigenen Sportplatz und war nicht mehr an die Auflagen des Eigent\u00fcmers gebunden. Somit konnte der Sportplatz neu hergestellt werden.<\/p>\n\n\n\n<p>Viele Vereinsmitglieder bewegten in Handarbeit rund 1000 m<sup>3<\/sup> Erdmassen und &nbsp;konnten hierdurch das starke Gef\u00e4lle des Sportplatzes zum gro\u00dfen Teil beseitigen.<\/p>\n\n\n\n<p>Bei den Erdbewegungen wurden mehrere Sandadern freigelegt, aus denen gr\u00f6\u00dfere Sandmassen gewonnen werden konnten. Durch den Sandverkauf war es m\u00f6glich, die entstandenen Kosten f\u00fcr die Neuherrichtung des Sportplatzes abzudecken.<\/p>\n\n\n\n<p>Der Sportverein hatte nun einen eigenen ziemlich gut bespielbaren Fu\u00dfballplatz zur Verf\u00fcgung.<\/p>\n\n\n\n<hr class=\"wp-block-separator\"\/>\n\n\n\n<h4 class=\"wp-block-heading\"><strong>1. Mannschaft 1931<\/strong><\/h4>\n\n\n\n<figure class=\"wp-block-image size-large\"><img loading=\"lazy\" decoding=\"async\" width=\"640\" height=\"325\" src=\"https:\/\/fc-niederkalbach.de\/wp-content\/uploads\/2020\/11\/1_Mannschaft_1931.jpg\" alt=\"\" class=\"wp-image-134\" srcset=\"https:\/\/fc-niederkalbach.de\/wp-content\/uploads\/2020\/11\/1_Mannschaft_1931.jpg 640w, https:\/\/fc-niederkalbach.de\/wp-content\/uploads\/2020\/11\/1_Mannschaft_1931-300x152.jpg 300w\" sizes=\"auto, (max-width: 640px) 100vw, 640px\" \/><\/figure>\n\n\n\n<p>hinten v.l.:&nbsp;&nbsp;&nbsp;&nbsp;&nbsp;&nbsp; J. We\u00df, H. Sallmann, E. Atzert, A. Wetter, A. Desoi, K. Betz, L. M\u00f6ller<\/p>\n\n\n\n<p>mitte v.I.: &nbsp;&nbsp;&nbsp;&nbsp;&nbsp;&nbsp;&nbsp; W. Barth, H. Wetter, H. Krack<\/p>\n\n\n\n<p>vorn v.I.:&nbsp;&nbsp;&nbsp;&nbsp;&nbsp;&nbsp;&nbsp;&nbsp;&nbsp; R. Sauer, K. H\u00fcter, H. Auth<\/p>\n\n\n\n<hr class=\"wp-block-separator\"\/>\n\n\n\n<h3 class=\"wp-block-heading\"><strong>1934-1944<\/strong><\/h3>\n\n\n\n<p>Infolge der Macht\u00fcbernahme durch den Nationalsozialismus \u00e4ndert sich die gesamte Struktur des Vereins. Der Vorstand wird nicht mehr gew\u00e4hlt sondern berufen und<\/p>\n\n\n\n<p>au\u00dferdem wird Eduard M\u00f6ller zum Treuh\u00e4nder des Vereins bestellt. Hierdurch wird das Vereinsgeschehen beeinflusst und es kommt nicht mehr zu der urspr\u00fcnglichen Begeisterung. Auch wenn noch Fu\u00dfball gespielt wird, l\u00e4sst das Interesse immer mehr nach. Hinzu kommt noch, dass ein Gro\u00dfteil der aktiven Mitglieder des Vereins zum Arbeitsdienst und zum Wehrdienst einberufen wird. Diese Entwicklung hat den damaligen B\u00fcrgermeister Friederich M\u00f6ller der Gemeinde Niederkalbach veranlasst, am 24. Mai 1939 an das Landratsamt Fulda zu schreiben.<\/p>\n\n\n\n<p>In diesem ist neben anderem folgendes aufgef\u00fchrt:<\/p>\n\n\n\n<p>&#8222;Der Sportverein Niederkalbach ist in der Aufl\u00f6sung begriffen und der im Eigentum des Sportvereins befindliche Sportplatz droht zu verfallen. Um den Platz der heranwachsenden Jugend zu erhalten und einen passenden Platz zum Parken von Milit\u00e4rfahrzeugen zu haben, soll der Platz von der Gemeinde k\u00e4uflich erworben werden.&#8220;<\/p>\n\n\n\n<p>Diesem Ersuchen stimmte der Landrat des Kreises Fulda zu und am 5. Juni 1939 wurde zwischen der Gemeinde Niederkalbach und dem Sportverein Niederkalbach ein Kaufvertrag zwecks Erwerbs des Sportplatzes durch die Gemeinde abgeschlossen.<\/p>\n\n\n\n<p>Der Kaufpreis betrug 1100 RM. In diesem Kaufpreis war auch die \u00dcbereignung aller Turn- und Sportger\u00e4te an die Schule in Niederkalbach enthalten. Der Verkaufserl\u00f6s diente zur R\u00fcckzahlung aller bestehenden Verbindlichkeiten des Vereins.<\/p>\n\n\n\n<p>Nachdem der Sportplatz und alle Turn- und Sportger\u00e4te dem Sportverein nicht mehr zur Verf\u00fcgung standen und im September 1939 der 2. Weltkrieg begann, kam das Vereinsleben vollkommen zum Erliegen.<\/p>\n\n\n\n<hr class=\"wp-block-separator\"\/>\n\n\n\n<h3 class=\"wp-block-heading\"><strong>1945-1946<\/strong><\/h3>\n\n\n\n<p>Im Mai 1945 ging der 2. Weltkrieg zu Ende. Die Gemeinde Niederkalbach verlor 70 Einwohner an Gefallenen und Vermissten. Von diesem schmerzlichen Verlust wurde auch der Sportverein betroffen. Viele aktive Vereinsmitglieder kehrten aus dem Felde nicht mehr zur\u00fcck. Au\u00dferdem befanden sich noch zahlreiche Vereinsmitglieder in Gefangenschaft. Trotz der ungl\u00fccklichen Vergangenheit und der schwierigen Nachkriegsverh\u00e4ltnisse fanden sich die bereits vom Krieg heimgekehrten Mitglieder des Sportvereins am 21. Oktober 1945 zusammen und w\u00e4hlten einen neuen Vorstand.<\/p>\n\n\n\n<p>Der urspr\u00fcngliche Name &#8222;Fu\u00dfball-Club-Union&#8220; sowie der 1920 festgelegte Name<\/p>\n\n\n\n<p>&#8222;Arbeiter-, Turn- und Sportverein&#8220; durfte auf Anweisung der damaligen Milit\u00e4rregierung nicht beibehalten werden. Somit wurde der Name &#8222;Sportgemeinschaft Niederkalbach&#8220; gew\u00e4hlt. Gleichzeitig wurde festgelegt, dass das Vereinslokal zwischen den Gastst\u00e4tten Atzert und Sauer j\u00e4hrlich wechselte. Zum 1.Vorsitzenden w\u00e4hlte die Versammlung Franz Krack. Damit war die Grundlage f\u00fcr einen Neuanfang der sportlichen Bet\u00e4tigung in Niederkalbach geschaffen. In der Hauptversammlung am 26. Januar 1946 wurde Franz Krack wieder zum 1. Vorsitzenden gew\u00e4hlt. Am 20. Januar 1946 fanden seit 1933 erstmalig Gemeindewahlen statt. Somit war in Niederkalbach wieder ein frei gew\u00e4hltes Parlament t\u00e4tig und die Sportgemeinschaft hoffte, dass der 1939 von der Gemeinde erworbene Sportplatz des Sportvereins wieder an den Verein zur\u00fcckgegeben w\u00fcrde. Leider wurde der am 16. Mai 1946 gestellte Antrag auf R\u00fcckerwerb des Sportplatzes abgelehnt. Die Gemeinde gestattete die Benutzung des Sportplatzes, sah sich jedoch nicht in der Lage irgendwelche Instandsetzungsarbeiten durchzuf\u00fchren.<\/p>\n\n\n\n<p>Somit war die Sportgemeinschaft gezwungen, die verwahrloste Sportanlage in eigener Regie herzurichten. Viele Stunden Gemeinschaftsarbeit der Vereinsmitglieder waren notwendig, um eine Bespielbarkeit des Platzes zu erreichen.<\/p>\n\n\n\n<p>Das Fu\u00dfballspielen wurde wieder zum Lieblingssport der Jugend.<\/p>\n\n\n\n<hr class=\"wp-block-separator\"\/>\n\n\n\n<h3 class=\"wp-block-heading\"><strong>1947-1953<\/strong><\/h3>\n\n\n\n<p>In der Hauptversammlung am 22. Februar 1947 wurde Willi Gundermann zum<\/p>\n\n\n\n<p>1. Vorsitzenden gew\u00e4hlt. Die Hauptversammlung am 3. Januar 1948 w\u00e4hlte Ferdinand Auth zum 1. Vorsitzenden, der bis zur Hauptversammlung am 14. M\u00e4rz 1953, also 5 Jahre, in dieser Funktion t\u00e4tig war. Zwischenzeitlich hatte die amerikanische Milit\u00e4rregierung ihre Anordnung wegen der Namensgebung der Vereine aufgehoben, so dass die Vereine wieder ihre urspr\u00fcnglichen Namen w\u00e4hlen konnten. Somit w\u00e4hlten die Mitglieder der Hauptversammlung am 3.1.1948 den urspr\u00fcnglichen Namen<\/p>\n\n\n\n<p>&#8222;Fu\u00dfball-Club-Union 07\/45&#8220;. Die Jahreszahl 1945 wurde wegen des Neubeginns der Vereinst\u00e4tigkeit in dem betreffenden Jahr hinzugef\u00fcgt.<\/p>\n\n\n\n<p>1947\/48 erarbeitete der Vorstand des Vereins eine neue Satzung und beantragte beim zust\u00e4ndigen Amtsgericht die Eintragung des Vereins in das Vereinsregister.<\/p>\n\n\n\n<p>Somit erhielt der Verein den Zusatz &#8222;e.V.&#8220;.<\/p>\n\n\n\n<p>Am 17.1.1948 stellte der Verein nochmals an die Gemeinde Niederkalbach den Antrag auf R\u00fcckerwerb des Sportplatzgrundst\u00fccks. Zudem sollten auch die Turn- und Sportger\u00e4te zur\u00fcckgegeben werden. Die Gemeinde lehnte diese Antr\u00e4ge ab.<\/p>\n\n\n\n<p>Im Spieljahr 1948\/1949 wurde die Jugendmannschaft Meister in ihrer Gruppe. Im Kampf um die Kreismeisterschaft und den Landratspokal konnte jeweils der zweite Platz erreicht werden.<\/p>\n\n\n\n<p>Nachdem sich im Jahr 1952 die Mehrheitsverh\u00e4ltnisse in der Gemeindevertretung ge\u00e4ndert hatten und zudem der 1. Vorsitzende des Vereins B\u00fcrgermeister der<\/p>\n\n\n\n<p>Gemeinde Niederkalbach geworden war, erwirkte die Gemeinde eine Landesbeihilfe in H\u00f6he von 2500 DM und eine Kreisbeihilfe in H\u00f6he von 300 DM f\u00fcr die Neuherrichtung der Sportplatzanlage. Au\u00dferdem stellte die Gemeinde aus eigenen Geldmitteln noch 2172 DM zur Verf\u00fcgung. Mit dem Betrag von insgesamt 4972 DM konnten folgende Arbeiten durchgef\u00fchrt werden:<\/p>\n\n\n\n<p>&#8211; neue Torstangen mit Tornetzen aus Maschendraht,<\/p>\n\n\n\n<p>&#8211; Einfriedung der gesamten Sportanlage mit Maschendraht 2m und 4m hoch<\/p>\n\n\n\n<p>&#8211; Errichtung einer Zuschauerbarriere,<\/p>\n\n\n\n<p>&#8211; Neueinebnung des Spielfeldes mit Aufbringung von Mutterboden.<\/p>\n\n\n\n<p>Obwohl sich durch diese Arbeiten die Platzverh\u00e4ltnisse verbessert hatten, war eine ideale Sportanlage noch nicht vorhanden. Der Sportplatz war zu klein und hatte trotz Einplanierung noch starkes Gef\u00e4lle. Ein Umkleidegeb\u00e4ude fehlte, und auch der Zufahrtsweg war mehr schlecht als recht. In der Hauptversammlung am 14. M\u00e4rz 1953 wurde August Gutberlet zum 1. Vorsitzenden gew\u00e4hlt, der bis zur Hauptversammlung am 26.Februar 1955 in dieser Funktion t\u00e4tig war.<\/p>\n\n\n\n<hr class=\"wp-block-separator\"\/>\n\n\n\n<h3 class=\"wp-block-heading\"><strong>1954-1957<\/strong><\/h3>\n\n\n\n<p>Im Spieljahr 1954\/1955 konnte die 1. Mannschaft die B \u00adKlassenmeisterschaft und damit den Aufstieg in die A-Klasse erringen.<\/p>\n\n\n\n<h4 class=\"wp-block-heading\">Meistermannschaft im Spieljahr 1954\/55<\/h4>\n\n\n\n<figure class=\"wp-block-image size-large\"><img loading=\"lazy\" decoding=\"async\" width=\"640\" height=\"344\" src=\"https:\/\/fc-niederkalbach.de\/wp-content\/uploads\/2020\/11\/Meistermannschaft_1954.jpg\" alt=\"\" class=\"wp-image-135\" srcset=\"https:\/\/fc-niederkalbach.de\/wp-content\/uploads\/2020\/11\/Meistermannschaft_1954.jpg 640w, https:\/\/fc-niederkalbach.de\/wp-content\/uploads\/2020\/11\/Meistermannschaft_1954-300x161.jpg 300w\" sizes=\"auto, (max-width: 640px) 100vw, 640px\" \/><\/figure>\n\n\n\n<p>hinten v.l.:&nbsp; W. H\u00fcter (Obmann), Rud. Faust, K. M\u00f6ller, Alf. M\u00f6ller, Reinh. Faust, H. R\u00f6hrig,<\/p>\n\n\n\n<p>&nbsp;&nbsp;&nbsp;&nbsp;&nbsp;&nbsp;&nbsp;&nbsp;&nbsp;&nbsp;&nbsp;&nbsp;&nbsp;&nbsp;&nbsp;&nbsp;&nbsp;&nbsp;&nbsp; A. H\u00fcbner, J. Rehm, H. M\u00f6ller, F. Krack (1. Vorsitzender), W. H\u00fcbner, F. Koch<\/p>\n\n\n\n<p>vorn v.l.:&nbsp;&nbsp;&nbsp;&nbsp; Ad. M\u00f6ller, E. Faust, Alfr. Hackenberg, B. Faust, E. H\u00fcter<\/p>\n\n\n\n<p>In der Hauptversammlung am 26. Februar 1955 wurde Franz Krack zum 1. Vorsitzenden gew\u00e4hlt. Er war bereits von 1945-1946 1. Vorsitzender gewesen. In der Hauptversammlung am 21. Januar 1956 wurde Oskar H\u00fcter zum 1. Vorsitzenden gew\u00e4hlt, der bis zur Hauptversammlung am 4. Januar 1958 in dieser Funktion t\u00e4tig war.<\/p>\n\n\n\n<p>Im Jahr 1957 konnte der Verein auf sein 50j\u00e4hriges Bestehen zur\u00fcckblicken.<\/p>\n\n\n\n<p>Das Vereinsjubil\u00e4um wurde am 9. und 10. Juni 1957 gefeiert.<\/p>\n\n\n\n<hr class=\"wp-block-separator\"\/>\n\n\n\n<h3 class=\"wp-block-heading\"><strong>1958-1964<\/strong><\/h3>\n\n\n\n<p>In der Hauptversammlung am 4.Januar 1958 wurde Hermann Sallmann zum 1. Vorsitzenden gew\u00e4hlt. Er war bis zur Hauptversammlung am 2. Januar 1960 in dieser Funktion t\u00e4tig.<\/p>\n\n\n\n<p>Die 1. Fu\u00dfballmannschaft des Vereins hatte nach ihrem Aufstieg 1955 sehr oft gegen den Abstieg zu k\u00e4mpfen. Aber immer wieder gelingt es nach enormen Anstrengungen, dem Abstieg zu entge\u00adhen. W\u00e4hrend dieser Zeit zeigt sich ein guter Zusammenhang des Vereins.<\/p>\n\n\n\n<h4 class=\"wp-block-heading\"><strong>1. Mannschaft im Jahr 1960<\/strong><\/h4>\n\n\n\n<figure class=\"wp-block-image size-large\"><img loading=\"lazy\" decoding=\"async\" width=\"640\" height=\"417\" src=\"https:\/\/fc-niederkalbach.de\/wp-content\/uploads\/2020\/11\/1_Mannschaft_1960.jpg\" alt=\"\" class=\"wp-image-136\" srcset=\"https:\/\/fc-niederkalbach.de\/wp-content\/uploads\/2020\/11\/1_Mannschaft_1960.jpg 640w, https:\/\/fc-niederkalbach.de\/wp-content\/uploads\/2020\/11\/1_Mannschaft_1960-300x195.jpg 300w\" sizes=\"auto, (max-width: 640px) 100vw, 640px\" \/><\/figure>\n\n\n\n<p>hinten v. l.:&nbsp;&nbsp;&nbsp;&nbsp;&nbsp;&nbsp; A. Faust (1.Vors.), H. Grunewald (Obm.), A. M\u00f6ller, Al. Hackenberg, A. H\u00fcbner, H. Strittmatter, E. G\u00e4rtner, Reinh. Faust, B. Faust, O. Heil (Trainer)<\/p>\n\n\n\n<p>vorn v.l.:&nbsp; &nbsp;&nbsp;&nbsp;&nbsp;&nbsp;&nbsp;&nbsp;&nbsp; H. R\u00f6hrig, K. Barth, M. Rehm, F. Hekel, M. Krack<\/p>\n\n\n\n<p>In der Hauptversammlung am 2. Januar 1960 wird Alfred Faust zum 1. Vorsitzenden gew\u00e4hlt. Er war in dieser Funktion bis zur Hauptversammlung am 22. Juli 1961 t\u00e4tig.<\/p>\n\n\n\n<p>Erstmalig findet die Hauptversammlung am Ende der Spielsaison statt.<\/p>\n\n\n\n<p>In dieser Versammlung am 22. Juli 1961 wird Hermann Sallmann, der bereits von 1958-1959 1. Vorsitzender war, zum 1. Vorsitzenden gew\u00e4hlt. Die Hauptversammlung am 6. Juli 1963 w\u00e4hlte Reinhold Faust zum 1. Vorsitzenden, der bis zur Hauptversammlung am 7. August 1965 in dieser Funktion t\u00e4tig war.<\/p>\n\n\n\n<p>Nach 8-j\u00e4hriger Zugeh\u00f6rigkeit in der A-Klasse muss die Mannschaft wieder in die<\/p>\n\n\n\n<p>B-Klasse absteigen.<strong><br><\/strong><\/p>\n\n\n\n<hr class=\"wp-block-separator\"\/>\n\n\n\n<h3 class=\"wp-block-heading\"><strong><br>1965-1973<\/strong><\/h3>\n\n\n\n<p>In der Hauptversammlung am 7. August 1965 wird Alois Hackenberg zum 1. Vorsitzenden gew\u00e4hlt. Er \u00fcbte dieses Amt ins\u00adgesamt 10 Jahre bis zum 22.August 1975 aus.<\/p>\n\n\n\n<p>Im Jahr 1966 wurde die Anschaffung einer Vereinsfahne beschlossen, die durch Spenden finanziert wurde. Am 17. und 18. Juni 1967 feierte der Verein sein<\/p>\n\n\n\n<p>60-j\u00e4hriges Vereinsjubil\u00e4um mit Fahnenweihe.<\/p>\n\n\n\n<h4 class=\"wp-block-heading\">Vereinsfahne des FC Union 07<\/h4>\n\n\n\n<figure class=\"wp-block-image size-large\"><img loading=\"lazy\" decoding=\"async\" width=\"512\" height=\"536\" src=\"https:\/\/fc-niederkalbach.de\/wp-content\/uploads\/2020\/11\/Vereinsfahne_1.jpg\" alt=\"\" class=\"wp-image-137\" srcset=\"https:\/\/fc-niederkalbach.de\/wp-content\/uploads\/2020\/11\/Vereinsfahne_1.jpg 512w, https:\/\/fc-niederkalbach.de\/wp-content\/uploads\/2020\/11\/Vereinsfahne_1-287x300.jpg 287w\" sizes=\"auto, (max-width: 512px) 100vw, 512px\" \/><\/figure>\n\n\n\n<figure class=\"wp-block-image size-large\"><img loading=\"lazy\" decoding=\"async\" width=\"539\" height=\"578\" src=\"https:\/\/fc-niederkalbach.de\/wp-content\/uploads\/2020\/11\/Vereinsfahne_2.jpg\" alt=\"\" class=\"wp-image-138\" srcset=\"https:\/\/fc-niederkalbach.de\/wp-content\/uploads\/2020\/11\/Vereinsfahne_2.jpg 539w, https:\/\/fc-niederkalbach.de\/wp-content\/uploads\/2020\/11\/Vereinsfahne_2-280x300.jpg 280w\" sizes=\"auto, (max-width: 539px) 100vw, 539px\" \/><\/figure>\n\n\n\n<p>Es war sehr erfreulich, dass die 1. Mannschaft im Jubil\u00e4umsjahr die Meisterschaft mit einem gro\u00dfen Punktevorsprung errang und in die A-Klasse Fulda-S\u00fcd aufsteigen konnte. Ein sch\u00f6nes Geschenk f\u00fcr den Jubil\u00e4umsverein.<\/p>\n\n\n\n<hr class=\"wp-block-separator\"\/>\n\n\n\n<h4 class=\"wp-block-heading\">Meister der B- Klasse Schl\u00fcchtern Ost 1966\/67<\/h4>\n\n\n\n<figure class=\"wp-block-image size-large\"><img loading=\"lazy\" decoding=\"async\" width=\"640\" height=\"346\" src=\"https:\/\/fc-niederkalbach.de\/wp-content\/uploads\/2020\/11\/Meistermannschaft_1966.jpg\" alt=\"\" class=\"wp-image-139\" srcset=\"https:\/\/fc-niederkalbach.de\/wp-content\/uploads\/2020\/11\/Meistermannschaft_1966.jpg 640w, https:\/\/fc-niederkalbach.de\/wp-content\/uploads\/2020\/11\/Meistermannschaft_1966-300x162.jpg 300w\" sizes=\"auto, (max-width: 640px) 100vw, 640px\" \/><\/figure>\n\n\n\n<p>hinten v.l.:&nbsp;&nbsp;&nbsp; H. Grunewald (Obmann), A. H\u00fcbner, Her. Desoi, R. Auth, H. Desoi, B. Rehm,&nbsp;R. Faust, E. M\u00f6ller, A. Hackenberg (1. Vorsitzender), O. Heil (Trainer)<\/p>\n\n\n\n<p>vorn v.l.:&nbsp;&nbsp;&nbsp;&nbsp;&nbsp;&nbsp; R. Schleicher, F. Hekel, O. Jahn, R. Staubach, M. Auth<\/p>\n\n\n\n<hr class=\"wp-block-separator\"\/>\n\n\n\n<h4 class=\"wp-block-heading\">Meister der Jugendgruppe IV 1966\/1967<\/h4>\n\n\n\n<figure class=\"wp-block-image size-large\"><img loading=\"lazy\" decoding=\"async\" width=\"640\" height=\"405\" src=\"https:\/\/fc-niederkalbach.de\/wp-content\/uploads\/2020\/11\/Meister_Jugend_1966.jpg\" alt=\"\" class=\"wp-image-140\" srcset=\"https:\/\/fc-niederkalbach.de\/wp-content\/uploads\/2020\/11\/Meister_Jugend_1966.jpg 640w, https:\/\/fc-niederkalbach.de\/wp-content\/uploads\/2020\/11\/Meister_Jugend_1966-300x190.jpg 300w\" sizes=\"auto, (max-width: 640px) 100vw, 640px\" \/><\/figure>\n\n\n\n<p>hintere Reihe v.l.:&nbsp;&nbsp; B. Hack, R. Heil, K. Henkel, M. Milkau, W. Weber, A. Hackenberg (1.Vors.),<\/p>\n\n\n\n<p>mittlere Reihe v.l.:&nbsp; O. Heil (Trainer), H. Husselmann, M. Krack, M. Atzert, H. Grunewald (Obm.)<\/p>\n\n\n\n<p>vordere Reihe v.l.: B. Kre\u00df, W. Jahn, A. M\u00f6ller, Th. Adam<\/p>\n\n\n\n<p>Auch die Jugendmannschaft wurde im Jubil\u00e4umsjahr Meister der Jugendgruppe IV. Somit machte auch die Jugend dem Verein zu seinem 60-j\u00e4hrigen Bestehen ein sch\u00f6nes Jubil\u00e4umsgeschenk.<\/p>\n\n\n\n<p>Nach der Spielsaison 1967\/1968 musste die 1. Mannschaft, nachdem sie nur ein Jahr in der A-Klasse spielte, wieder in die B-\u00adKlasse absteigen.<\/p>\n\n\n\n<p>Wegen personeller Schwierigkeiten konnte der Verein mehrere Jahre keine Jugendmannschaft stellen. Daf\u00fcr gelang es eine Sch\u00fclermannschaft aufzubauen, die mit wechselndem Erfolg spielte.<\/p>\n\n\n\n<p>Obwohl dem Verein seit 1969 eine sch\u00f6ne neue Sportanlage zur Verf\u00fcgung stand, waren die Erfolge der Fu\u00dfballmannschaften mehrere Jahre lang unbedeutend.<\/p>\n\n\n\n<p>Diese Zeit blieb jedoch nicht ungenutzt und so konnten sp\u00e4ter dem Fu\u00dfball, unter Leitung des Spielobmanns Damian H\u00fcbner und des Trainers Hermann Huppmann, neue Impulse gegeben werden.<\/p>\n\n\n\n<hr class=\"wp-block-separator\"\/>\n\n\n\n<h3 class=\"wp-block-heading\"><strong>1975<\/strong><\/h3>\n\n\n\n<p>Klaus-Dieter Sallmann wird am 22. August zum 1. Vorsitzenden gew\u00e4hlt. Er war bis zur Hauptversammlung am 11. Juli 1980 in dieser Funktion t\u00e4tig.<\/p>\n\n\n\n<p>Erstmals stellt der Verein insgesamt 7 Mannschaften: 1. Mannschaft, 2. Mannschaft, Damenmannschaft, Jugendmannschaft, Sch\u00fclermannschaft, D-Sch\u00fclermannschaft und eine Alt-Herren-Mannschaft.<\/p>\n\n\n\n<p>Mit gro\u00dfem Punktevorsprung und keinem verlorenen Spiel erringt die 1. Mannschaft<\/p>\n\n\n\n<p>in der Saison 1974\/75 die Meisterschaft und steigt in die A-Liga auf.<\/p>\n\n\n\n<h4 class=\"wp-block-heading\"><strong>1. Mannschaft Meister im Spieljahr 1974\/75<\/strong><\/h4>\n\n\n\n<figure class=\"wp-block-image size-large\"><img loading=\"lazy\" decoding=\"async\" width=\"640\" height=\"344\" src=\"https:\/\/fc-niederkalbach.de\/wp-content\/uploads\/2020\/11\/Meistermannschaft_1974.jpg\" alt=\"\" class=\"wp-image-141\" srcset=\"https:\/\/fc-niederkalbach.de\/wp-content\/uploads\/2020\/11\/Meistermannschaft_1974.jpg 640w, https:\/\/fc-niederkalbach.de\/wp-content\/uploads\/2020\/11\/Meistermannschaft_1974-300x161.jpg 300w\" sizes=\"auto, (max-width: 640px) 100vw, 640px\" \/><\/figure>\n\n\n\n<p>hinten v.l.:&nbsp; A. Hackenberg (1. Vors.), B. Hack, W. Huppmann, R. Eckert, B. Rehm, M. N\u00fcchter, Her. Desoi, M. Krist (Sani), W. Jahn, H. Huppmann, D. H\u00fcbner (Obmann),<\/p>\n\n\n\n<p>vorn v.l.: &nbsp;&nbsp;&nbsp; R. Auth, Hel. Desoi, O. Jahn, R. Kress, G. Seipel, H. Auth<\/p>\n\n\n\n<hr class=\"wp-block-separator\"\/>\n\n\n\n<h3 class=\"wp-block-heading\"><strong>1977<\/strong><\/h3>\n\n\n\n<p>Der Verein kann auf sein 70-j\u00e4hriges Bestehen zur\u00fcckblicken. Das Vereinsjubil\u00e4um wurde vom 19. bis 22.Mai u.a. mit Fu\u00dfballspielen, einem Festkommers, Tanzabenden und einem Festzug gefeiert.<\/p>\n\n\n\n<hr class=\"wp-block-separator\"\/>\n\n\n\n<h3 class=\"wp-block-heading\"><strong>1980<\/strong><\/h3>\n\n\n\n<p>Die Hauptversammlung am 11. Juli w\u00e4hlte Berthold Hack zum 1. Vorsitzenden.<\/p>\n\n\n\n<p>Er \u00fcbt dieses Amt insgesamt 11 Jahre, bis zum 20.01.1991, aus.<\/p>\n\n\n\n<p>Die 2. Mannschaft wird Meister im Spiel-Jahr 1979\/80.<\/p>\n\n\n\n<h4 class=\"wp-block-heading\"><strong>2. Mannschaft Meister im Spieljahr 1979\/80<\/strong><\/h4>\n\n\n\n<figure class=\"wp-block-image size-large\"><img loading=\"lazy\" decoding=\"async\" width=\"640\" height=\"342\" src=\"https:\/\/fc-niederkalbach.de\/wp-content\/uploads\/2020\/11\/2_Mannschaft_Meister_1979.jpg\" alt=\"\" class=\"wp-image-142\" srcset=\"https:\/\/fc-niederkalbach.de\/wp-content\/uploads\/2020\/11\/2_Mannschaft_Meister_1979.jpg 640w, https:\/\/fc-niederkalbach.de\/wp-content\/uploads\/2020\/11\/2_Mannschaft_Meister_1979-300x160.jpg 300w\" sizes=\"auto, (max-width: 640px) 100vw, 640px\" \/><\/figure>\n\n\n\n<p>hinten v. I.: &nbsp;&nbsp;&nbsp;&nbsp;&nbsp;&nbsp; N. H\u00fcbner (Obm.), Her. Desoi, Hel. Desoi, B. Rehm, M. Krack, R. Kress, W. Lessmann, A. Gutberiet, K. Sallmann (1. Vorsitzende)<\/p>\n\n\n\n<p>vorn v.l.: &nbsp;&nbsp;&nbsp;&nbsp;&nbsp;&nbsp;&nbsp;&nbsp;&nbsp; St. Auth, A. Auth, E. Heil, P. M\u00f6ller, W. H\u00fcbner, R. Kunze<\/p>\n\n\n\n<hr class=\"wp-block-separator\"\/>\n\n\n\n<h3 class=\"wp-block-heading\"><strong>1981<\/strong><\/h3>\n\n\n\n<p>Die Sch\u00fclermannschaft (C-Jugend) erringt die Meisterschaft in der Saison 1980\/81.<\/p>\n\n\n\n<h4 class=\"wp-block-heading\">&nbsp;Meistermannschaft C-Jugend im Spieljahr 1980\/81<\/h4>\n\n\n\n<figure class=\"wp-block-image size-large\"><img loading=\"lazy\" decoding=\"async\" width=\"640\" height=\"342\" src=\"https:\/\/fc-niederkalbach.de\/wp-content\/uploads\/2020\/11\/CJugendMeister_1980.jpg\" alt=\"\" class=\"wp-image-143\" srcset=\"https:\/\/fc-niederkalbach.de\/wp-content\/uploads\/2020\/11\/CJugendMeister_1980.jpg 640w, https:\/\/fc-niederkalbach.de\/wp-content\/uploads\/2020\/11\/CJugendMeister_1980-300x160.jpg 300w\" sizes=\"auto, (max-width: 640px) 100vw, 640px\" \/><\/figure>\n\n\n\n<p>hinten v.l.: &nbsp;&nbsp;&nbsp;&nbsp;&nbsp;&nbsp; A. Faust (Trainer), K. D. Vogel, (Obm.), M. Faust U. Desoi, D. Heil, R. Weber, M. Rehm, M. M\u00f6ller, T. Reiners, K. Sallmann (1. Vorsitzender)<\/p>\n\n\n\n<p>vorn v.I.: &nbsp;&nbsp;&nbsp;&nbsp;&nbsp;&nbsp;&nbsp;&nbsp;&nbsp; R. Sauer, W. Faust, M. M\u00fcller, Ch. M\u00f6ller, M. H\u00fcter, M. Reck, A. M\u00f6ller, &nbsp;&nbsp;&nbsp;&nbsp;&nbsp;&nbsp;&nbsp;&nbsp;&nbsp;&nbsp;&nbsp;&nbsp;&nbsp;&nbsp;&nbsp; M. Schenk<\/p>\n\n\n\n<hr class=\"wp-block-separator\"\/>\n\n\n\n<h3 class=\"wp-block-heading\"><strong>1982&nbsp;&nbsp;&nbsp;&nbsp;&nbsp;&nbsp;&nbsp;&nbsp;&nbsp;&nbsp;&nbsp;&nbsp;&nbsp;&nbsp;&nbsp;&nbsp;&nbsp;&nbsp;&nbsp;&nbsp;&nbsp;<\/strong><\/h3>\n\n\n\n<p>Der Verein feiert vom 20. bis 24. Mai sein 75j\u00e4hriges Jubil\u00e4um.<\/p>\n\n\n\n<hr class=\"wp-block-separator\"\/>\n\n\n\n<h3 class=\"wp-block-heading\"><strong>1984&nbsp;&nbsp;&nbsp;&nbsp;&nbsp;&nbsp;&nbsp;&nbsp;&nbsp;&nbsp;&nbsp;&nbsp;&nbsp;&nbsp;&nbsp;&nbsp;&nbsp;&nbsp;&nbsp;&nbsp;&nbsp;<\/strong><\/h3>\n\n\n\n<p>Die 1. Mannschaft belegt nach Abschluss der Saison 1983\/84 den 11. Platz und wird in die neu eingef\u00fchrte C-Liga zur\u00fcckgestuft. In der Saison 1984\/85 kann die 2. Mannschaft die Meisterschaft erringen. Die erste Mannschaft verfehlt dieses Ziel nur knapp.<\/p>\n\n\n\n<hr class=\"wp-block-separator\"\/>\n\n\n\n<h3 class=\"wp-block-heading\"><strong>1986\/1987&nbsp;&nbsp;&nbsp;&nbsp;&nbsp;&nbsp;&nbsp;&nbsp;&nbsp;&nbsp;&nbsp;&nbsp;&nbsp;&nbsp;&nbsp;&nbsp;&nbsp;&nbsp;&nbsp;&nbsp;&nbsp;&nbsp;&nbsp;&nbsp;&nbsp;&nbsp;&nbsp;<\/strong><\/h3>\n\n\n\n<p>Dem Verein wird erstmalig eine Damengymnastikgruppe unter der Leitung von Heidi Neuert angegliedert. Die C-Jugend Mannschaft (Gro\u00dffeld) wird Meister. Der Verein feiert in der Zeit vom 28. Mai. bis zum 01. Juni 1987 sein 80-j\u00e4hriges Bestehen.<\/p>\n\n\n\n<hr class=\"wp-block-separator\"\/>\n\n\n\n<h3 class=\"wp-block-heading\"><strong>1988\/1989&nbsp;&nbsp;&nbsp;&nbsp;&nbsp;&nbsp;&nbsp;&nbsp;&nbsp;&nbsp;&nbsp;&nbsp;&nbsp;&nbsp;&nbsp;&nbsp;&nbsp;&nbsp;&nbsp;&nbsp;&nbsp;&nbsp;&nbsp;&nbsp;&nbsp;&nbsp;&nbsp;<\/strong><\/h3>\n\n\n\n<p>Beim Kalbachpokal-Turnier in Niederkalbach erringen alle Mannschaften des Vereins den ersten Platz. Dies ist einmalig in der Geschichte des Kalbachpokals (seit 1972).<\/p>\n\n\n\n<p>Die A-Jugend und die B-Jugend werden Meister in der Kreisklasse Fulda.<\/p>\n\n\n\n<hr class=\"wp-block-separator\"\/>\n\n\n\n<h3 class=\"wp-block-heading\"><strong>1990<\/strong><\/h3>\n\n\n\n<p>Die 1. Mannschaft spielt nach der Klassenneueinteilung wieder in der B-Liga Fulda.<\/p>\n\n\n\n<hr class=\"wp-block-separator\"\/>\n\n\n\n<h3 class=\"wp-block-heading\"><strong>1991&nbsp;&nbsp;&nbsp;&nbsp;&nbsp;&nbsp;&nbsp;&nbsp;&nbsp;&nbsp;&nbsp;&nbsp;&nbsp;&nbsp;&nbsp;&nbsp;&nbsp;&nbsp;&nbsp;&nbsp;&nbsp;<\/strong><\/h3>\n\n\n\n<p>In der Jahreshauptversammlung am 20. Januar wird Prof. Dr. Josef Neuert zum 1. Vorsitzenden gew\u00e4hlt.<\/p>\n\n\n\n<hr class=\"wp-block-separator\"\/>\n\n\n\n<h3 class=\"wp-block-heading\"><strong>1992&nbsp;&nbsp;&nbsp;&nbsp;&nbsp;&nbsp;&nbsp;&nbsp;&nbsp;&nbsp;&nbsp;&nbsp;&nbsp;&nbsp;&nbsp;&nbsp;&nbsp;&nbsp;&nbsp;&nbsp;&nbsp;<\/strong><\/h3>\n\n\n\n<p>In der Zeit vom 27. Mai bis zum 01. Juni feiert der Verein sein 85-j\u00e4hriges Jubil\u00e4um.<\/p>\n\n\n\n<p>Die 1. Mannschaft steigt nach dem Erringen der Meisterschaft in der Saison 1991\/92 in die A-Liga Fulda auf.<\/p>\n\n\n\n<p>Mit den Vereinen SV Mittelkalbach und SG Oberkalbach wird die \u201eJugendspielgemeinschaft (JSG) Kalbachtal\u201c gegr\u00fcndet.&nbsp;<\/p>\n\n\n\n<h4 class=\"wp-block-heading\"><strong>1. Mannschaft Meister im Spieljahr 1991\/92<\/strong><\/h4>\n\n\n\n<figure class=\"wp-block-image size-large\"><img loading=\"lazy\" decoding=\"async\" width=\"640\" height=\"359\" src=\"https:\/\/fc-niederkalbach.de\/wp-content\/uploads\/2020\/11\/Meister_1991.jpg\" alt=\"\" class=\"wp-image-144\" srcset=\"https:\/\/fc-niederkalbach.de\/wp-content\/uploads\/2020\/11\/Meister_1991.jpg 640w, https:\/\/fc-niederkalbach.de\/wp-content\/uploads\/2020\/11\/Meister_1991-300x168.jpg 300w\" sizes=\"auto, (max-width: 640px) 100vw, 640px\" \/><\/figure>\n\n\n\n<p>hinten v.l:&nbsp;&nbsp;&nbsp;&nbsp; M. Seng (Trainer), A.Reck (Obm.), H.J. Faust, S. Heil, M. Pappert,    Markus M\u00f6ller, M. Rehm, Mart. M\u00f6ller, A. Faust, K. D. Vogel, (Obmann) &nbsp;vorn v.I.:&nbsp;&nbsp;&nbsp;&nbsp;&nbsp; M. Reck, S. M\u00f6ller, M. Faust, M. Hackenberg, U. Desoi, S. Reinel, A. Weber<\/p>\n\n\n\n<hr class=\"wp-block-separator\"\/>\n\n\n\n<h3 class=\"wp-block-heading\"><strong>1993&nbsp;&nbsp;&nbsp;&nbsp;&nbsp;&nbsp;&nbsp;&nbsp;&nbsp;&nbsp;&nbsp;&nbsp;&nbsp;&nbsp;&nbsp;&nbsp;&nbsp;&nbsp;&nbsp;&nbsp;&nbsp;<\/strong><\/h3>\n\n\n\n<p>Da sich in der Hauptversammlung kein Vorsitzender findet, erkl\u00e4ren sich Arnold Faust, Andreas M\u00f6ller und Klaus-Dieter Vogel bereit, die kommissarische Leitung des Vereins zu \u00fcbernehmen. Am 24. Juli wird Heribert Desoi in einer au\u00dferordentlichen Versammlung zum 1. Vorsitzenden gew\u00e4hlt.<\/p>\n\n\n\n<p>Nach nur einem Jahr der A-Liga-Zugeh\u00f6rigkeit steigt die 1. Mannschaft in die B-Liga ab.<\/p>\n\n\n\n<hr class=\"wp-block-separator\"\/>\n\n\n\n<h3 class=\"wp-block-heading\"><strong>1994&nbsp;&nbsp;&nbsp;&nbsp;&nbsp;&nbsp;&nbsp;&nbsp;&nbsp;&nbsp;&nbsp;&nbsp;&nbsp;&nbsp;&nbsp;&nbsp;&nbsp;&nbsp;&nbsp;&nbsp;&nbsp;<\/strong><\/h3>\n\n\n\n<p>Die A-Jugend wird Meister in der Kreisklasse Fulda Gruppe 2.<\/p>\n\n\n\n<p>Am 21. Mai wird die neue Flutlichtanlage am Sportplatz feierlich eingeweiht.<\/p>\n\n\n\n<p>Von den Mitgliedern wurden 534 Stunden Eigenleistung erbracht. Mit dem Bau des Zuschauerunterstandes wird begonnen.<\/p>\n\n\n\n<hr class=\"wp-block-separator\"\/>\n\n\n\n<h3 class=\"wp-block-heading\"><strong>1995&nbsp;&nbsp;&nbsp;&nbsp;&nbsp;&nbsp;&nbsp;&nbsp;&nbsp;&nbsp;&nbsp;&nbsp;&nbsp;&nbsp;&nbsp;&nbsp;&nbsp;&nbsp;&nbsp;&nbsp;&nbsp;<\/strong><\/h3>\n\n\n\n<p>In der Saison 1994\/95 steigt die 1. Mannschaft nach dem Erringen der Meisterschaft in der B-Liga Fulda West erneut in die A-Klasse auf.<\/p>\n\n\n\n<h4 class=\"wp-block-heading\"><strong>1. Mannschaft Meister im Spieljahr 1994\/95<\/strong><\/h4>\n\n\n\n<figure class=\"wp-block-image size-large\"><img loading=\"lazy\" decoding=\"async\" width=\"640\" height=\"282\" src=\"https:\/\/fc-niederkalbach.de\/wp-content\/uploads\/2020\/11\/Meister_1994.jpg\" alt=\"\" class=\"wp-image-145\" srcset=\"https:\/\/fc-niederkalbach.de\/wp-content\/uploads\/2020\/11\/Meister_1994.jpg 640w, https:\/\/fc-niederkalbach.de\/wp-content\/uploads\/2020\/11\/Meister_1994-300x132.jpg 300w\" sizes=\"auto, (max-width: 640px) 100vw, 640px\" \/><\/figure>\n\n\n\n<p>hinten v.l.:&nbsp; K. Desoi (medizinische Betreuung), S. Reinel (Betreuer), T. Heil, Mart. M\u00f6ller, H.-J. Faust, M. Reck, M. Faust, Mark. M\u00f6ller, A. Kress, Mi. M\u00f6ller, B. Rehm (Obmann), G. Ebert (Trainer), B. Faust (2. Vorsitzender), M. Reck (sportl. Leiter), A. M\u00f6ller (Schriftf\u00fchrer), H. Desoi (1. Vorsitzender)<\/p>\n\n\n\n<p>vorn v.l.:&nbsp;&nbsp;&nbsp;&nbsp; M. H\u00fcttl, M. Klug, U. Desoi, M. Hackenberg, A. Weber, Ch. J\u00f6ckel, M. Rausch,  S. Heil, A. Faust,&nbsp;&nbsp;&nbsp;&nbsp;&nbsp;&nbsp; es fehlen H. Kress, M. Rehm, W. Henkel<\/p>\n\n\n\n<hr class=\"wp-block-separator\"\/>\n\n\n\n<h3 class=\"wp-block-heading\"><strong>1997&nbsp;&nbsp;&nbsp;&nbsp;&nbsp; <\/strong>&nbsp;&nbsp;&nbsp;&nbsp;&nbsp;&nbsp;&nbsp;&nbsp;&nbsp;&nbsp;&nbsp;&nbsp;&nbsp;&nbsp;&nbsp;<\/h3>\n\n\n\n<p>Das 90-j\u00e4hrige Vereinsjubil\u00e4um feiert der Verein am 26. April mit einem Festkommers sowie in der Zeit vom 23. bis 26. Mai mit einem Sportfest auf dem Sportplatz.<\/p>\n\n\n\n<hr class=\"wp-block-separator\"\/>\n\n\n\n<h3 class=\"wp-block-heading\"><strong>1998&nbsp;&nbsp;&nbsp;&nbsp;&nbsp;&nbsp;&nbsp;&nbsp;&nbsp;&nbsp;&nbsp;&nbsp;&nbsp;&nbsp;&nbsp;&nbsp;&nbsp;&nbsp;&nbsp;&nbsp;&nbsp;<\/strong><\/h3>\n\n\n\n<p>J\u00fcrgen Kress wird in der Hauptversammlung am 06. Februar zum 1. Vorsitzenden gew\u00e4hlt. Der Verein wird um die Sparte Tischtennis erweitert. Abteilungsleiter wird<\/p>\n\n\n\n<p>Karl-Heinz F\u00fcller. Weiterhin wird eine Callanetics-Gruppe gegr\u00fcndet.<\/p>\n\n\n\n<p>Bis zur Fertigstellung des Niederkalbacher B\u00fcrgerhauses trainiert diese in Mittelkalbach.<\/p>\n\n\n\n<hr class=\"wp-block-separator\"\/>\n\n\n\n<h3 class=\"wp-block-heading\"><strong>1999&nbsp;&nbsp;&nbsp;&nbsp;&nbsp;&nbsp;&nbsp;&nbsp;&nbsp;&nbsp;&nbsp;&nbsp;&nbsp;&nbsp;&nbsp;&nbsp;&nbsp;&nbsp;&nbsp;&nbsp;&nbsp;<\/strong><\/h3>\n\n\n\n<p>Mit Einweihung des B\u00fcrgerhauses im August 1999, bei dessen Bau der Verein mit \u00fcber 1600 Arbeitsstunden einen ma\u00dfgeblichen Anteil leistete, wird es m\u00f6glich erneut eine Gymnastikabteilung aufleben zu lassen.<\/p>\n\n\n\n<p>Mechthild Kre\u00df \u00fcbernimmt die Gesamtleitung. Es werden, neben dem bereits vorhandenen Callanetics, Jazzgymnastik, Aerobic, Volleyball und Kinderturnen angeboten.<\/p>\n\n\n\n<p>Die Seniorenmannschaften werden aufgrund einer neuerlichen Gebietsreform in die<\/p>\n\n\n\n<p>A-Liga Schl\u00fcchtern umgruppiert.<\/p>\n\n\n\n<hr class=\"wp-block-separator\"\/>\n\n\n\n<h3 class=\"wp-block-heading\"><strong>2001&nbsp;&nbsp;&nbsp;&nbsp;&nbsp;&nbsp;&nbsp;&nbsp;&nbsp;&nbsp;&nbsp;&nbsp;&nbsp;&nbsp;&nbsp;&nbsp;&nbsp;&nbsp;&nbsp;&nbsp;&nbsp;<\/strong><\/h3>\n\n\n\n<p>Zur Unterst\u00fctzung des Fu\u00dfballsportes in Niederkalbach wird ein F\u00f6rderverein gegr\u00fcndet. Die Gymnastikabteilung wird um den Bereich \u201eR\u00fccken-Fitness\u201c erweitert.<\/p>\n\n\n\n<hr class=\"wp-block-separator\"\/>\n\n\n\n<h3 class=\"wp-block-heading\"><strong>2002&nbsp;&nbsp;&nbsp;&nbsp;&nbsp;&nbsp;&nbsp;&nbsp;&nbsp;&nbsp;&nbsp;&nbsp;&nbsp;&nbsp;&nbsp;&nbsp;&nbsp;&nbsp;&nbsp;&nbsp;&nbsp;<\/strong><\/h3>\n\n\n\n<p>Der Verein feiert vom 31. Mai bis 03. Juni sein 95-j\u00e4hriges Vereinsjubil\u00e4um.<\/p>\n\n\n\n<hr class=\"wp-block-separator\"\/>\n\n\n\n<h3 class=\"wp-block-heading\"><strong>2003&nbsp;&nbsp;&nbsp;&nbsp;&nbsp;&nbsp;&nbsp;&nbsp;&nbsp;&nbsp;&nbsp;&nbsp;&nbsp;&nbsp;&nbsp;&nbsp;&nbsp;&nbsp;&nbsp;&nbsp;&nbsp;<\/strong><\/h3>\n\n\n\n<p>Bei der Hauptversammlung am 05. April findet sich kein Vorsitzender.<\/p>\n\n\n\n<p>Der Verein wird kommissarisch von Hauptkassierer Michael Prock und Schriftf\u00fchrer Hans-Joachim Faust gef\u00fchrt.<\/p>\n\n\n\n<p>Am 10. Oktober findet eine au\u00dferordentliche Versammlung statt. Die Vereinssatzung wird ge\u00e4ndert. Der gesch\u00e4ftsf\u00fchrende Vorstand besteht nunmehr aus 5 Mitgliedern. Die Gymnastikabteilung ist auf 198 Mitglieder angewachsen.<\/p>\n\n\n\n<h4 class=\"wp-block-heading\"><strong>1. Mannschaft im Spieljahr 2003\/04<\/strong><\/h4>\n\n\n\n<figure class=\"wp-block-image size-large\"><img loading=\"lazy\" decoding=\"async\" width=\"640\" height=\"373\" src=\"https:\/\/fc-niederkalbach.de\/wp-content\/uploads\/2020\/11\/1_Mannschaft_2003.jpg\" alt=\"\" class=\"wp-image-146\" srcset=\"https:\/\/fc-niederkalbach.de\/wp-content\/uploads\/2020\/11\/1_Mannschaft_2003.jpg 640w, https:\/\/fc-niederkalbach.de\/wp-content\/uploads\/2020\/11\/1_Mannschaft_2003-300x175.jpg 300w\" sizes=\"auto, (max-width: 640px) 100vw, 640px\" \/><\/figure>\n\n\n\n<p>hinten v.l.: &nbsp;&nbsp;&nbsp; Z. Livancic, C. Staubach, B. Imhof (Co-Trainer), S. N\u00fcchter, A. Weber, &nbsp;H.-J. Faust, G. Ander, R. Sauer, A. Faust (Abt.-Leiter)<\/p>\n\n\n\n<p>vorn v.l.: &nbsp;&nbsp;&nbsp;&nbsp;&nbsp;&nbsp; T. Heil, T. Baumann, R. Kallweit, M. Koch (Trainer), S. Hollmann, N. Vonderlehr, M. M\u00f6ller, R. Ostrowski<\/p>\n\n\n\n<hr class=\"wp-block-separator\"\/>\n\n\n\n<h3 class=\"wp-block-heading\"><strong>2004&nbsp;&nbsp;&nbsp;&nbsp;&nbsp;&nbsp;&nbsp;&nbsp;&nbsp;&nbsp;&nbsp;&nbsp;&nbsp;&nbsp;&nbsp;&nbsp;&nbsp;&nbsp;&nbsp;&nbsp;&nbsp;<\/strong><\/h3>\n\n\n\n<p>Thomas Landgraf wird in der Jahreshauptversammlung am 23. Januar zum<\/p>\n\n\n\n<p>1. Vorstandsprecher gew\u00e4hlt.<\/p>\n\n\n\n<p>Nach 9 Jahren A-Liga-Zugeh\u00f6rigkeit steigt die 1. Mannschaft in die B-Liga ab.<\/p>\n\n\n\n<p>Auf Grund der gro\u00dfen Anzahl von Jugendlichen in der Volleyball-Abteilung wird eine eigene Jugendmannschaft gebildet.<\/p>\n\n\n\n<hr class=\"wp-block-separator\"\/>\n\n\n\n<h3 class=\"wp-block-heading\"><strong>2005<\/strong><\/h3>\n\n\n\n<p>Mit den Auff\u00fcllarbeiten f\u00fcr einen neuen Trainingsplatz wird begonnen.<\/p>\n\n\n\n<p>Die Gesamtkosten f\u00fcr die neue Sportanlage belaufen sich auf insgesamt 180.000 \u20ac.<\/p>\n\n\n\n<p>Zur Finanzierung erh\u00e4lt der Verein folgende Zuwendungen:<\/p>\n\n\n\n<p>&nbsp;&nbsp;&nbsp;&nbsp;&nbsp; Land Hessen&nbsp;&nbsp;&nbsp;&nbsp;&nbsp;&nbsp;&nbsp;&nbsp;&nbsp;&nbsp;&nbsp;&nbsp;&nbsp;&nbsp;&nbsp;&nbsp;&nbsp;&nbsp;&nbsp; 50.000 \u20ac&nbsp;&nbsp;<\/p>\n\n\n\n<p>&nbsp;&nbsp;&nbsp;&nbsp;&nbsp; Kreis Fulda&nbsp;&nbsp;&nbsp;&nbsp;&nbsp;&nbsp;&nbsp;&nbsp;&nbsp;&nbsp;&nbsp;&nbsp;&nbsp;&nbsp;&nbsp;&nbsp;&nbsp;&nbsp;&nbsp;&nbsp;&nbsp;&nbsp; 17.500 \u20ac<\/p>\n\n\n\n<p>&nbsp;&nbsp;&nbsp;&nbsp;&nbsp; Gemeinde Kalbach&nbsp;&nbsp;&nbsp;&nbsp;&nbsp;&nbsp;&nbsp;&nbsp; 50.000 \u20ac<\/p>\n\n\n\n<p><br>Aufwendungen in H\u00f6he von 62.500 \u20ac sind vom Verein in Form von Eigenleistungen und Finanzierung zu erbringen.<\/p>\n\n\n\n<p>Die Einrichtung des Sporthauses wird grundlegend renoviert und der K\u00fcchen- und Thekenbereich erneuert. Die Eigenleistungen der Vereinsmitglieder belaufen sich auf 125 Stunden.<\/p>\n\n\n\n<p>Im Sommerhalbjahr wird vom Verein erstmals ein \u201eNordic-Walking\u201c Kurs angeboten.<\/p>\n\n\n\n<hr class=\"wp-block-separator\"\/>\n\n\n\n<h3 class=\"wp-block-heading\"><strong>2006<\/strong><\/h3>\n\n\n\n<p>Die Seniorenmannschaft der Tischtennisabteilung steigt in die 1. Kreisklasse auf.Ein neuer Ger\u00e4teschuppen wird errichtet sowie der Zufahrtsbereich zum Sporthaus&nbsp; neu gestaltet. Die Gemeinde Kalbach unterst\u00fctzt den Bau des Ger\u00e4teschuppens durch \u00dcbernahme der Materialkosten in H\u00f6he von 8.000 \u20ac.<\/p>\n\n\n\n<hr class=\"wp-block-separator\"\/>\n\n\n\n<h3 class=\"wp-block-heading\"><strong>2007<\/strong><\/h3>\n\n\n\n<p>Der Verein begeht sein 100-j\u00e4hriges Gr\u00fcndungsjubil\u00e4um. Aus diesem Grund findet unter der Schirmherrschaft unseres Landrates Bernd Woide am 11. Mai im B\u00fcrgerhaus der Jubil\u00e4umsabend statt. Im Rahmen einer Sportwoche vom 30. Juni bis 08. Juli werden die sportlichen Aktivit\u00e4ten durchgef\u00fchrt.<\/p>\n\n\n\n<p>Mit 602 Mitgliedern hat der Verein in seinem Jubil\u00e4umsjahr die bisher h\u00f6chste Mitgliederzahl in seinem Bestehen erreicht.<\/p>\n\n\n\n<figure class=\"wp-block-image size-large\"><img loading=\"lazy\" decoding=\"async\" width=\"843\" height=\"417\" src=\"https:\/\/fc-niederkalbach.de\/wp-content\/uploads\/2020\/11\/1_Mannschaft_2007.jpg\" alt=\"\" class=\"wp-image-147\" srcset=\"https:\/\/fc-niederkalbach.de\/wp-content\/uploads\/2020\/11\/1_Mannschaft_2007.jpg 843w, https:\/\/fc-niederkalbach.de\/wp-content\/uploads\/2020\/11\/1_Mannschaft_2007-300x148.jpg 300w, https:\/\/fc-niederkalbach.de\/wp-content\/uploads\/2020\/11\/1_Mannschaft_2007-768x380.jpg 768w\" sizes=\"auto, (max-width: 767px) 89vw, (max-width: 1000px) 54vw, (max-width: 1071px) 543px, 580px\" \/><\/figure>\n\n\n\n<p>hinten v.l.&nbsp; W. Hartmann, M Reck (Obmann), M. Faust, M. Hackenberg, T. Heil, St. N\u00fcchter,&nbsp;&nbsp; M. M\u00f6ller, U. Desoi, M. M\u00f6ller (Betreuer)<\/p>\n\n\n\n<p>vorn v.l.&nbsp;&nbsp;&nbsp;&nbsp; R. Seufert, M. Rausch, H. Faust, Mi. M\u00f6ller, T. M\u00f6ller, J. Dorn, W. M\u00f6ller, &nbsp; V. Sorg, N. B\u00f6cher, M. N\u00fcchter<\/p>\n\n\n\n<p>Das Jubil\u00e4umsjahr bringt auch sportliche H\u00f6hepunkte: Die 1. Mannschaft belegt den 3. Platz und erreicht \u00fcber die Relegation den Aufstieg in die A-Liga und die Tischtennis-Mannschaft wird Meister und steigt in die 1. Kreisklasse auf.<\/p>\n\n\n\n<p>Bruno Faust und Oskar Traud &nbsp;werden aufgrund ihrer Verdienste zu Ehrenmitgliedern ernannt.<\/p>\n\n\n\n<p>Aus Anlass des Jubil\u00e4ums werden in 900 Stunden Eigenleistung zahlreiche Verbesserungen am Sportgel\u00e4nde vorgenommen.<\/p>\n\n\n\n<hr class=\"wp-block-separator\"\/>\n\n\n\n<h3 class=\"wp-block-heading\"><strong>2008&nbsp;&nbsp;&nbsp;&nbsp;&nbsp; <\/strong>&nbsp;&nbsp;&nbsp;&nbsp;&nbsp;&nbsp;&nbsp;&nbsp;&nbsp;&nbsp;&nbsp;&nbsp;&nbsp;&nbsp;&nbsp;&nbsp;&nbsp;&nbsp;&nbsp;&nbsp;&nbsp;&nbsp;&nbsp;&nbsp;&nbsp;&nbsp;&nbsp;&nbsp;&nbsp;&nbsp;&nbsp;&nbsp;&nbsp;&nbsp;&nbsp;&nbsp;&nbsp;&nbsp;&nbsp;&nbsp;&nbsp;&nbsp;&nbsp;&nbsp;&nbsp;&nbsp;<\/h3>\n\n\n\n<p>Umfangreiche Arbeiten am Sportgel\u00e4nde werden durchgef\u00fchrt (Zaun erneuert, Rollrasen einsetzen,&nbsp; Flutlichtmasten gestrichen, Vorrichtungen f\u00fcr Bandenwerbung, Dunstabzug in Grillbereich, Arbeiten am neuen Ger\u00e4tehaus).<\/p>\n\n\n\n<hr class=\"wp-block-separator\"\/>\n\n\n\n<h3 class=\"wp-block-heading\"><strong>2009<\/strong><\/h3>\n\n\n\n<p>Am neuen Sportplatz werden der Ballfangzaun und die Barrieren in Eigenleistung errichtet und im September wird der Platz eingeweiht.<\/p>\n\n\n\n<p>Die 1. Mannschaft spielt weiterhin in der A-Klasse, unser Verein stellt in der JSG Kalbachtal 62 Spieler. Das Angebot der Gymnastik-Abteilung (Gymnastik, R\u00fcckenschule, Nordic-Walking und Kinderturnen) wird gut angenommen.<\/p>\n\n\n\n<p>Alois Hackenberg wird aufgrund seiner Verdienste zum Ehrenmitglied ernannt.<\/p>\n\n\n\n<hr class=\"wp-block-separator\"\/>\n\n\n\n<h3 class=\"wp-block-heading\"><strong>2010<\/strong><\/h3>\n\n\n\n<p>Der absolute H\u00f6hepunkt des Vereinsgeschehens ist das Freundschaftsspiel von der Frankfurter Eintracht gegen unseren FCN. Das Spiel&nbsp; wurde erm\u00f6glicht durch Mainova, einem Sponsor der Eintracht.&nbsp; 2500 Zuschauer sehen die Begegnung, bei der die Eintracht mit fast allen Stars aufl\u00e4uft und der FCN nur in der 2. Halbzeit durch Michael F\u00f6rster aus R\u00fcckers im Tor verst\u00e4rkt wird.<\/p>\n\n\n\n<figure class=\"wp-block-image size-large\"><img loading=\"lazy\" decoding=\"async\" width=\"710\" height=\"264\" src=\"https:\/\/fc-niederkalbach.de\/wp-content\/uploads\/2020\/11\/FCN_E8.jpg\" alt=\"\" class=\"wp-image-148\" srcset=\"https:\/\/fc-niederkalbach.de\/wp-content\/uploads\/2020\/11\/FCN_E8.jpg 710w, https:\/\/fc-niederkalbach.de\/wp-content\/uploads\/2020\/11\/FCN_E8-300x112.jpg 300w\" sizes=\"auto, (max-width: 710px) 100vw, 710px\" \/><\/figure>\n\n\n\n<p>Das Ergebnis lautet&nbsp; 1:14,&nbsp; vielumjubelter Torsch\u00fctze f\u00fcr den FCN ist Johannes Krack. Der Trainer der Eintracht, Michael Skibbe,&nbsp; war mit dem Ergebnis aber nicht zufrieden und strich seinen Stars den freien Sonntag, den er f\u00fcr einen Sieg mit 15 Toren Differenz versprochen hatte.<\/p>\n\n\n\n<p>Insgesamt unterst\u00fctzen 176 Helfer aus den \u00f6rtlichen Vereinen und der Gemeinde Kalbach dieses Spiel, daf\u00fcr nochmals herzlichen Dank.<\/p>\n\n\n\n<p>F\u00fcr dieses Spiel wurden umfangreiche Arbeiten am und rund um unseren Sportplatz durchgef\u00fchrt.<\/p>\n\n\n\n<p>Markus M\u00f6ller wird am 12. M\u00e4rz zum 1. Vorstandssprecher gew\u00e4hlt.<\/p>\n\n\n\n<h3 class=\"wp-block-heading\"><strong>M\u00e4dchen- und Frauenfu\u00dfball beim Fu\u00dfballclub Union Niederkalbach<\/strong><\/h3>\n\n\n\n<p>Es begann alles im Jahre 2005: Die erste reine M\u00e4dchenmannschaft der JSG Kalbachtal nimmt am offiziellen Spielbetrieb&nbsp; bei den F-Jugendlichen teil.&nbsp; Sp\u00e4ter in der Saison 2005\/2006 bei den E-Jugendlichen, hier noch im direkten Wettbewerb mit den Jungen-Mannschaften.<\/p>\n\n\n\n<p>Schon ab der Saison 2006\/2007 spielen 2 M\u00e4dchen-Mannschaften, die \u00e4lteren bis 17 Jahre alten Spielerinnen im reinen M\u00e4dchenbereich bei den B-Juniorinnen. Ab 2007\/2008 konnten dann 2 Mannschaften bei den B-Juniorinnen gemeldet werden und dann 2008\/2009 der erste gro\u00dfe Erfolg, gleich ein Doppelschlag: Meister und Kreismeister, im darauffolgenden Jahr noch getoppt, mit dem Triple:&nbsp;<\/p>\n\n\n\n<h4 class=\"wp-block-heading\"><strong>Meister, Kreismeister und&nbsp; Pokalsieger 2010<\/strong><\/h4>\n\n\n\n<figure class=\"wp-block-image size-large\"><img loading=\"lazy\" decoding=\"async\" width=\"1024\" height=\"371\" src=\"https:\/\/fc-niederkalbach.de\/wp-content\/uploads\/2020\/11\/B1-Maedchen_2010-1024x371.jpg\" alt=\"\" class=\"wp-image-154\" srcset=\"https:\/\/fc-niederkalbach.de\/wp-content\/uploads\/2020\/11\/B1-Maedchen_2010-1024x371.jpg 1024w, https:\/\/fc-niederkalbach.de\/wp-content\/uploads\/2020\/11\/B1-Maedchen_2010-300x109.jpg 300w, https:\/\/fc-niederkalbach.de\/wp-content\/uploads\/2020\/11\/B1-Maedchen_2010-768x278.jpg 768w, https:\/\/fc-niederkalbach.de\/wp-content\/uploads\/2020\/11\/B1-Maedchen_2010.jpg 1062w\" sizes=\"auto, (max-width: 767px) 89vw, (max-width: 1000px) 54vw, (max-width: 1071px) 543px, 580px\" \/><\/figure>\n\n\n\n<p><strong>Hinten B1 M\u00e4dchen:<\/strong><\/p>\n\n\n\n<p>&nbsp;&nbsp;&nbsp;&nbsp;&nbsp;&nbsp;&nbsp;&nbsp; Betreuerin <strong>Mecki Kre\u00df<\/strong>, Lisa Happ, Julia Hagenbring, Karolina Burkard, <strong>Claudia Kre\u00df, Melissa Auth<\/strong>, Mareike Betz, Sandra Erb, Luisa Etzel, Jana Wiegand, Steffi Heil, Lara Lotz.<\/p>\n\n\n\n<p><strong>Vorne B2 M\u00e4dchen, die auch das Triple gewonnen haben!!!<\/strong><br>Trainer Harald Pfeil, &nbsp;Marieke Heil, Annemarie Schr\u00f6dl, Madeleine Pfeil, Tessa Wehner, Milena Wehner, Silja Lingnau, Lisa Leinweber<strong>, Pia Kneist<\/strong>, Katharina Erb, Lea Wehner, Kathrin Sch\u00e4fer, Michelle Pfeil<\/p>\n\n\n\n<h4 class=\"wp-block-heading\"><strong>Frauen Kreisoberliga S\u00fcd Meister 2010\/2011<\/strong><\/h4>\n\n\n\n<figure class=\"wp-block-image size-large\"><img loading=\"lazy\" decoding=\"async\" width=\"1024\" height=\"522\" src=\"https:\/\/fc-niederkalbach.de\/wp-content\/uploads\/2020\/11\/Frauen_Meister_2011-1024x522.png\" alt=\"\" class=\"wp-image-155\" srcset=\"https:\/\/fc-niederkalbach.de\/wp-content\/uploads\/2020\/11\/Frauen_Meister_2011-1024x522.png 1024w, https:\/\/fc-niederkalbach.de\/wp-content\/uploads\/2020\/11\/Frauen_Meister_2011-300x153.png 300w, https:\/\/fc-niederkalbach.de\/wp-content\/uploads\/2020\/11\/Frauen_Meister_2011-768x391.png 768w, https:\/\/fc-niederkalbach.de\/wp-content\/uploads\/2020\/11\/Frauen_Meister_2011.png 1034w\" sizes=\"auto, (max-width: 767px) 89vw, (max-width: 1000px) 54vw, (max-width: 1071px) 543px, 580px\" \/><\/figure>\n\n\n\n<p>Obere Reihe:&nbsp;&nbsp;&nbsp;&nbsp;&nbsp;&nbsp; Jasmina Kreuz, Trainer Dieter Reischmann, Annemarie Schr\u00f6dl<\/p>\n\n\n\n<p>2. Reihe:&nbsp;&nbsp;&nbsp;&nbsp;&nbsp;&nbsp;&nbsp;&nbsp;&nbsp;&nbsp;&nbsp;&nbsp;&nbsp; Laura Sch\u00e4fer, Marina Heil, Jessica Filber<\/p>\n\n\n\n<p>3.Reihe: &nbsp;&nbsp;&nbsp;&nbsp;&nbsp;&nbsp;&nbsp;&nbsp;&nbsp;&nbsp;&nbsp;&nbsp;&nbsp; Betreuerin <strong>Mecki Kre\u00df<\/strong>, Steffi Heil, Luisa Etzel, Sandra Erb<\/p>\n\n\n\n<p>Untere Reihe: &nbsp;&nbsp;&nbsp;&nbsp;&nbsp;&nbsp;&nbsp; <strong>Claudia Kre\u00df, Melissa Auth<\/strong>, Lisa Happ, Mareike Betz, Lara Lotz<\/p>\n\n\n\n<p><strong><br><\/strong>Dass die M\u00e4dchen f\u00fcr die Gruppenliga noch zu jung waren wurde&nbsp; nach dem Abstieg umgehend \u00fcberwunden: es folgte der direkte Wiederaufstieg 2013\/2014. Was dann folgte ist leider bezeichnend f\u00fcr den Stellenwert des Frauenfu\u00dfballs, auch wenn er noch so attraktiv und erfolgreich ist.<\/p>\n\n\n\n<p>Trotz Spielgemeinschaft mit dem TV Neuhof musste die Frauen-Mannschaft als Gruppenligist (!) in der Saison 2014\/2015 im Fr\u00fchjahr zur\u00fcckgezogen werden: das Aus nach Jahren ambitionierter Arbeit insbesondere der Team-Managerin. Wo bei den Jungs weitergespielt wird trotz der Widerst\u00e4nde, reichen bei den M\u00e4dchen und jungen Frauen Ver\u00e4nderungen wie Lehre, Studium, Freund &nbsp;um mit dem sch\u00f6nsten Sport der Welt, dem Fu\u00dfballspielen aufzuh\u00f6ren.<\/p>\n\n\n\n<p>Einige wenige spielen noch und insbesondere Claudia Kre\u00df hat ihren Weg gemacht. Nach dem Gruppenliga-Abstieg schloss sie sich dem Hessenligisten Gl\u00e4serzell an, wurde hier 2 x Meister und Regionalliga-Spielerin. Sie ist damit der erfolgreichste Fu\u00dfballer, den der FC Union Niederkalbach je hervorgebracht hat und das mit jetzt 22 &nbsp;Jahren!&nbsp; Zurzeit spielt sie an ihrem Studienort Mainz, Rheinland-Pfalz, mit Schott- Mainz in vergleichbarer Liga wie Gl\u00e4serzell.<\/p>\n\n\n\n<p>Durchgehend gibt es jetzt seit 2005 bei der JSG Kalbachtal eine aktive, reine M\u00e4dchen-Mannschaft. Erm\u00f6glicht wird dies jedoch nur durch die Erweiterung der Spielgemeinschaft mit R\u00fcckers, unter deren Namen die B-Juniorinnen seit 2015\/2016 auch offiziell spielen wegen der Verbandsregularien. Die R\u00fcckerser Frauen-Mannschaft spielt nach vielen Jahren der Hessenliga&nbsp; mittlerweile in der Verbandsliga und m\u00fcssen in der Jugendabteilung eine M\u00e4dchenmannschaft stellen.<br><br><strong>Meisterschaft in der Kreisoberliga Mitte und<br>Aufstieg in die Gruppenliga f\u00fcr die SG Kalbach 2012\/2013<\/strong><\/p>\n\n\n\n<figure class=\"wp-block-image size-large\"><img loading=\"lazy\" decoding=\"async\" width=\"941\" height=\"483\" src=\"https:\/\/fc-niederkalbach.de\/wp-content\/uploads\/2020\/11\/Frauen_Meister_2012.jpg\" alt=\"\" class=\"wp-image-156\" srcset=\"https:\/\/fc-niederkalbach.de\/wp-content\/uploads\/2020\/11\/Frauen_Meister_2012.jpg 941w, https:\/\/fc-niederkalbach.de\/wp-content\/uploads\/2020\/11\/Frauen_Meister_2012-300x154.jpg 300w, https:\/\/fc-niederkalbach.de\/wp-content\/uploads\/2020\/11\/Frauen_Meister_2012-768x394.jpg 768w\" sizes=\"auto, (max-width: 767px) 89vw, (max-width: 1000px) 54vw, (max-width: 1071px) 543px, 580px\" \/><\/figure>\n\n\n\n<p>Das Meisterschaftsfoto mit allen 19 eingesetzten Spielerinnen und&nbsp; dem Trainer- u. Betreuerteam<\/p>\n\n\n\n<p>Hinten: &nbsp;&nbsp;&nbsp;&nbsp;&nbsp;&nbsp;&nbsp;&nbsp;&nbsp;&nbsp;&nbsp; Steffi Heil, Melissa Reischmann, Chef-Trainer Stefan Winter, Madeleine Pfeil, Michelle Pfeil, Laura Sch\u00e4fer, Milena Wehner, Luisa Etzel, Sandra Erb, Lea Wehner, Co-Trainer <strong>Reinhard Kre\u00df<\/strong>, Melanie Gusche, Team-Chefin <strong>Mecki Kre\u00df<\/strong><\/p>\n\n\n\n<p>Vorne: &nbsp;&nbsp;&nbsp;&nbsp;&nbsp;&nbsp;&nbsp;&nbsp;&nbsp;&nbsp;&nbsp;&nbsp; Kathrin Sch\u00e4fer, Silja Lignau, Mareike Betz, Isabell Kister, Marina Heil, <strong>Melissa Auth<\/strong>, Lara Lotz, Jasmina Kreuz, Annemarie Schr\u00f6dl<\/p>\n\n\n\n<hr class=\"wp-block-separator\"\/>\n\n\n\n<h3 class=\"wp-block-heading\"><strong>2011<\/strong><\/h3>\n\n\n\n<p>Am Sportplatz werden neue Spielger\u00e4te f\u00fcr die Kinder eingeweiht. Die 1. Mannschaft kann den Abstieg durch Siege in den Relegationsspielen vermeiden. Im Jugendbereich wird die JSG um die SG R\u00fcckers erweitert, da sich die Anzahl der Jugendlichen deutlich verringert.&nbsp; Die Damenmannschaft spielt in der Gruppenliga. In den Tischtennis- und Volleyball-Abteilungen werden die Mannschaften vom Spielbetrieb zur\u00fcckgezogen.<\/p>\n\n\n\n<h4 class=\"wp-block-heading\"><strong>D-Jugend Meister Kreisklasse D11er Saison 2010\/2011<\/strong><\/h4>\n\n\n\n<figure class=\"wp-block-image size-large\"><img loading=\"lazy\" decoding=\"async\" width=\"551\" height=\"303\" src=\"https:\/\/fc-niederkalbach.de\/wp-content\/uploads\/2020\/11\/D-Meister_2011.jpg\" alt=\"\" class=\"wp-image-153\" srcset=\"https:\/\/fc-niederkalbach.de\/wp-content\/uploads\/2020\/11\/D-Meister_2011.jpg 551w, https:\/\/fc-niederkalbach.de\/wp-content\/uploads\/2020\/11\/D-Meister_2011-300x165.jpg 300w\" sizes=\"auto, (max-width: 551px) 100vw, 551px\" \/><\/figure>\n\n\n\n<p>hinten: &nbsp;&nbsp;&nbsp;&nbsp;&nbsp;&nbsp;&nbsp;&nbsp;&nbsp;&nbsp;&nbsp;&nbsp; <strong>Ferdinand Hinz<\/strong>, <strong>Florian Reck<\/strong>, Daniel Firle, <strong>Julian Hack<\/strong>,&nbsp; <strong>Moritz M\u00f6ller<\/strong>, <strong>Jonathan Zehentmaier<\/strong>, <strong>Jonas Sieweke<\/strong><\/p>\n\n\n\n<p>vorne: &nbsp;&nbsp;&nbsp;&nbsp;&nbsp;&nbsp;&nbsp;&nbsp;&nbsp;&nbsp;&nbsp;&nbsp;&nbsp; Ren\u00e9 Gro\u00df, <strong>Tobias Euler<\/strong>, <strong>Lukas M\u00f6ller<\/strong>, Laurin Heil, <strong>Vincent Strong<\/strong>, <strong>Benedikt B\u00f6schen<\/strong>, Samuel Herbert, Louis Mack, <strong>Marius M\u00fcller<\/strong><\/p>\n\n\n\n<p>Die Jungs der D-Jugend Saison 2010\/2011 holen sich ihren ersten Meistertitel. Mehrere Vizetitel wurden erreicht, aber bisher kein Meistertitel. In einem sehr spannenden Spiel hatten wir das gl\u00fccklichere Ende und siegten im Meisterschafts-entscheidungsspiel in Giesel gegen die JSG Sickels\/Johannesberg mit 2:1 (1:1). Nach fr\u00fchem R\u00fcckstand durch Julian Hacks Eigentor hat die Mannschaft Siegeswille &#8211; Kampfeslust und Teamgeist gezeigt und in der 17. Spielminute den Ausgleich durch Laurin Heil erzielen k\u00f6nnen. In der Zweiten Halbzeit konnte Ren\u00e9 Gro\u00df den F\u00fchrungstreffer zum 2:1 erzielen und hat so die Meisterschaft nach Kalbach geholt.<\/p>\n\n\n\n<p>Lobende Worte gab es auch vom Klassenleiter Ottmar W\u00fcrz, der den fairen Umgang und Respekt w\u00fcrdigte und unserem Spielf\u00fchrer Jonas Sieweke die hei\u00df begehrte Siegtroph\u00e4e \u00fcbergab. Nach dem Spiel ging es dann noch auf die Festb\u00fchne vom Schoppenfu\u00dfballturnier des NCV nach Niederkalbach, wo die frischgebackenen Meisterkinder mit viel Applaus durch die Festg\u00e4ste empfangen wurden. Bei W\u00fcrstchen und Cola wurde die Meisterschaft gleich gefeiert. Mehrere Spieler dieser Meistermannschaft aus 2011 werden im Sommer 2017 den Seniorenbereich des FC Union verst\u00e4rken.<\/p>\n\n\n\n<hr class=\"wp-block-separator\"\/>\n\n\n\n<h3 class=\"wp-block-heading\"><strong>2012&nbsp;<\/strong><\/h3>\n\n\n\n<p>Der Zugang zum neuen Sportplatz wird mit einer Treppe versehen, Grill- und Gastraum werden&nbsp; renoviert.&nbsp; W\u00e4hrend die 1. Mannschaft weiterhin in der A-Liga spielt, ist die Damenmannschaft in die Kreisoberliga abgestiegen. Bei der 2. Mannschaft bildet der FCN zusammen mit der SG Oberkalbach eine Spielgemeinschaft.<\/p>\n\n\n\n<hr class=\"wp-block-separator\"\/>\n\n\n\n<h3 class=\"wp-block-heading\"><strong>2013<\/strong><\/h3>\n\n\n\n<p>Die Bepflanzung am neuen Sportplatz wird abgeschlossen und das neue Ger\u00e4tehaus fertiggestellt.<\/p>\n\n\n\n<p>Das Familienfest mit Fu\u00dfballgolf findet guten Anklang. Die 1. Mannschaft kann den Abstieg in die B-Klasse nicht verhindern, w\u00e4hrend die Damenmannschaft den direkten Wiederaufstieg in die Gruppenliga erreicht. Die Gymnastik-Abteilung mit Zumba\u201a \u2018Bauch, Beine, Po\u2018, R\u00fcckenschule und Kinderturnen erf\u00e4hrt weiterhin regen Zuspruch.<\/p>\n\n\n\n<hr class=\"wp-block-separator\"\/>\n\n\n\n<h3 class=\"wp-block-heading\"><strong>2014<\/strong><\/h3>\n\n\n\n<p>Am Clubhaus ist ein Wetterschutz installiert worden und das Spielfeld wird saniert.<\/p>\n\n\n\n<p>Die 1. Mannschaft erreichte den 5. Tabellenplatz.<\/p>\n\n\n\n<p>Unser Ehrenvorsitzender Bruno Faust stirbt am 1. September.<\/p>\n\n\n\n<hr class=\"wp-block-separator\"\/>\n\n\n\n<h3 class=\"wp-block-heading\"><strong>2015<\/strong><\/h3>\n\n\n\n<p>Am Sportplatz und im Clubhaus werden umfangreiche Renovierungsma\u00dfnahmen durchgef\u00fchrt.&nbsp; Die 1. Mannschaft erreicht den 7. Tabellenplatz, die Damenmannschaft wird im M\u00e4rz abgemeldet. Das Programm der Gymnastik-Abteilung wird weiterhin nachgefragt.<\/p>\n\n\n\n<p>Alois Hackenberg wird in der Jahreshauptversammlung zum Ehrenvorsitzenden ernannt.<\/p>\n\n\n\n<p><strong>Frauen-Fu\u00dfball: <\/strong>Gruppenliga in Spielgemeinschaft mit TV Neuhof Fr\u00fchjahr 2015 die Mannschaft muss zur\u00fcckgezogen werden<\/p>\n\n\n\n<hr class=\"wp-block-separator\"\/>\n\n\n\n<h3 class=\"wp-block-heading\"><strong>2016<\/strong><\/h3>\n\n\n\n<p>Am 01.04. werden Christoph Zehentmaier als Nachfolger von Markus M\u00f6ller&nbsp; zum 1. Vorstandssprecher und Patrick Becker als Nachfolger von Christoph Zehentmaier zum Jugendleiter gew\u00e4hlt.<\/p>\n\n\n\n<p>Die Jugend-Spielgemeinschaft Kalbachtal\/R\u00fcckers besteht ab der Saison 2016\/2017 nun im kompletten Jugendbereich aus den Vereinen FC Niederkalbach, SV Mittelkalbach und SG R\u00fcckers.<\/p>\n\n\n\n<p>Thomas Henfling hat sich bereiterkl\u00e4rt, den Bereich \u201eSocial-Media\u201c (Facebook u. Co)&nbsp; f\u00fcr unseren Verein zu betreuen.<\/p>\n\n\n\n<p>Werner Faust beendet seine langj\u00e4hrige Schiedsrichtert\u00e4tigkeit, der 17-j\u00e4hrige Jonathan Zehentmaier qualifiziert sich als Schiedsrichter im Herren-Bereich f\u00fcr die Kreisoberliga.<\/p>\n\n\n\n<hr class=\"wp-block-separator\"\/>\n\n\n\n<h3 class=\"wp-block-heading\"><strong>2017<\/strong><\/h3>\n\n\n\n<p>Unser Sportverein kann auf sein 110j\u00e4hriges Bestehen zur\u00fcckblicken. Der Jubil\u00e4umsabend zu diesem Anlass findet am 12. Mai statt und die sportlichen Aktivit\u00e4ten sind f\u00fcr den Zeitraum vom 10. bis 16. Juli geplant. Die Vorbereitungsarbeiten f\u00fcr die Feierlichkeiten laufen.<\/p>\n\n\n\n<p>Die aktuelle Mitgliederzahl betr\u00e4gt 470.<\/p>\n\n\n\n<p>Die 1. Mannschaft wird einen Platz in der oberen Tabellenh\u00e4lfte erreichen, das Hauptaugenmerk lag in diesem Jahr in der Integration der zahlreichen jungen Spieler.<\/p>\n\n\n\n<p>Der FCN wird sein Angebot f\u00fcr Kinder und Jugendliche um den Bereich \u201eSelbstverteidigung\u201c erweitern.<\/p>\n\n\n\n<p>In der Jahreshauptversammlung am 7.&nbsp; April werden alle Vorstandsmitglieder jeweils einzeln und einstimmig wiedergew\u00e4hlt.<\/p>\n\n\n\n<h4 class=\"wp-block-heading\"><strong>1. Herren Mannschaft Saison 16\/17<\/strong><\/h4>\n\n\n\n<figure class=\"wp-block-image size-large\"><img loading=\"lazy\" decoding=\"async\" width=\"1024\" height=\"650\" src=\"https:\/\/fc-niederkalbach.de\/wp-content\/uploads\/2020\/11\/1_Mannschaft_2017-1024x650.jpg\" alt=\"\" class=\"wp-image-149\" srcset=\"https:\/\/fc-niederkalbach.de\/wp-content\/uploads\/2020\/11\/1_Mannschaft_2017-1024x650.jpg 1024w, https:\/\/fc-niederkalbach.de\/wp-content\/uploads\/2020\/11\/1_Mannschaft_2017-300x190.jpg 300w, https:\/\/fc-niederkalbach.de\/wp-content\/uploads\/2020\/11\/1_Mannschaft_2017-768x487.jpg 768w, https:\/\/fc-niederkalbach.de\/wp-content\/uploads\/2020\/11\/1_Mannschaft_2017.jpg 1062w\" sizes=\"auto, (max-width: 767px) 89vw, (max-width: 1000px) 54vw, (max-width: 1071px) 543px, 580px\" \/><\/figure>\n\n\n\n<p>Hinten: &nbsp;&nbsp;&nbsp;&nbsp;&nbsp; Marian Kraus, Fabian Hack, Johannes Krack, Henrik M\u00f6ller, Thomas Henfling<\/p>\n\n\n\n<p>Mitte: &nbsp;&nbsp;&nbsp;&nbsp;&nbsp;&nbsp;&nbsp;&nbsp; Patrick Becker (links, 2. Betreuer) Maximilian Hack, Marius Krack, Sebastian Gro\u00df (Trainer), Michael R\u00f6hrig, Felix Ziegler, Richard Landgraf (rechts, Sportlicher Leiter und 1. Betreuer)&nbsp;<\/p>\n\n\n\n<p>Vorne: &nbsp;&nbsp;&nbsp;&nbsp;&nbsp;&nbsp; Tim Kneist, Nicolai Fr\u00f6hlig, Kevin G\u00f6rke, Yannick Heil, Yannick Meyer<\/p>\n\n\n\n<p>es fehlen: &nbsp; Francesco Vastelli, Andr\u00e9 M\u00fcller, Michael M\u00f6ller, Ronny Kallweit<\/p>\n\n\n\n<h4 class=\"wp-block-heading\"><strong>2. Herren Mannschaft Saison 16\/17 Spielgemeinschaft mit SG Oberkalbach<\/strong><\/h4>\n\n\n\n<figure class=\"wp-block-image size-large\"><img loading=\"lazy\" decoding=\"async\" width=\"1024\" height=\"499\" src=\"https:\/\/fc-niederkalbach.de\/wp-content\/uploads\/2020\/11\/2_Mannschaft_2017-1024x499.jpg\" alt=\"\" class=\"wp-image-150\" srcset=\"https:\/\/fc-niederkalbach.de\/wp-content\/uploads\/2020\/11\/2_Mannschaft_2017-1024x499.jpg 1024w, https:\/\/fc-niederkalbach.de\/wp-content\/uploads\/2020\/11\/2_Mannschaft_2017-300x146.jpg 300w, https:\/\/fc-niederkalbach.de\/wp-content\/uploads\/2020\/11\/2_Mannschaft_2017-768x375.jpg 768w, https:\/\/fc-niederkalbach.de\/wp-content\/uploads\/2020\/11\/2_Mannschaft_2017.jpg 1062w\" sizes=\"auto, (max-width: 767px) 89vw, (max-width: 1000px) 54vw, (max-width: 1071px) 543px, 580px\" \/><\/figure>\n\n\n\n<p>hinten: &nbsp;&nbsp;&nbsp;&nbsp;&nbsp;&nbsp; Christian Goldbach, Pierre Blum, Marius Fischer, Andr\u00e9 M\u00fcller, Florian Auth, Thomas Henfling, Marco \u00dccker, Marius Staubach<\/p>\n\n\n\n<p>vorne:&nbsp; &nbsp;&nbsp;&nbsp;&nbsp;&nbsp;&nbsp; Joachim M\u00fcller, Francesco Vastelli, Andreas Muth, Leon Rupprecht, Ronny Kallweit, Jakob Lorenz, Marius M\u00fcller<\/p>\n\n\n\n<p>es fehlen: Carsten Prock, J\u00f6rg Dorn, Andr\u00e9 M\u00f6ller, Jonas Sieweke, Lukas M\u00f6ller, Marvin Kneist, Michael M\u00f6ller, Nils Werthm\u00fcller, Moritz M\u00f6ller<\/p>\n\n\n\n<h4 class=\"wp-block-heading\"><strong>Unsere AH-Mannschaft<\/strong><\/h4>\n\n\n\n<figure class=\"wp-block-image size-large\"><img loading=\"lazy\" decoding=\"async\" width=\"970\" height=\"533\" src=\"https:\/\/fc-niederkalbach.de\/wp-content\/uploads\/2020\/11\/AH_2017.jpg\" alt=\"\" class=\"wp-image-151\" srcset=\"https:\/\/fc-niederkalbach.de\/wp-content\/uploads\/2020\/11\/AH_2017.jpg 970w, https:\/\/fc-niederkalbach.de\/wp-content\/uploads\/2020\/11\/AH_2017-300x165.jpg 300w, https:\/\/fc-niederkalbach.de\/wp-content\/uploads\/2020\/11\/AH_2017-768x422.jpg 768w\" sizes=\"auto, (max-width: 767px) 89vw, (max-width: 1000px) 54vw, (max-width: 1071px) 543px, 580px\" \/><\/figure>\n\n\n\n<p>hinten: &nbsp;&nbsp;&nbsp;&nbsp;&nbsp;&nbsp;&nbsp;&nbsp;&nbsp; Thomas Landgraf, Arnold Faust, Bernhard M\u00f6ller, Andr\u00e9 M\u00f6ller, Peter Kaib, Rainer Ostrowski, Christoph Zehentmaier, Bernhard Rehm, vorne:&nbsp;&nbsp;&nbsp;&nbsp; Hermann Kraus, Markus M\u00f6ller, Bernd Kr\u00fcger, Michael M\u00f6ller, J\u00f6rg Dorn, Christoph M\u00f6ller<\/p>\n\n\n\n<h3 class=\"wp-block-heading\">2017-2018<\/h3>\n\n\n\n<p>Timo Hasenauer \u00fcbernimmt als Spielertrainer die Fu\u00dfballer der 1.\/2. Mannschaft und f\u00fchrt diese gleich in seiner ersten Saison zum Aufstieg in die A-Liga-Schl\u00fcchtern.<\/p>\n\n\n\n<h3 class=\"wp-block-heading\">2018-2019<\/h3>\n\n\n\n<p>Die Fu\u00dfballerische Saison verlief verletzungsbedingt in der A-Liga nicht zufriedenstellend und musste wieder die B-Liga absteigen.<\/p>\n\n\n\n<h3 class=\"wp-block-heading\">2019-2020<\/h3>\n\n\n\n<p>Das Coronavirus h\u00e4lt die ganze Welt in Atem und so wurde die Saison 2019\/2020 abgebrochen und die neue Saison versp\u00e4tet gestartet. Timo Hasenauer ist weiterhin der Trainer und zum 31.10.2020 wurde die junge Saison zum 2. mal Opfer der Corona-Pandemie und der Lockdown schickte alle Freizeitsportler in die Winterpause. <\/p>\n\n\n\n<p>Die Jahreshauptversammlung wurde dadurch von April auf 12. Oktober 2020 verschoben und wurde unter strengen genehmigungspflichtigen Hygieneauflagen durchgef\u00fchrt. Christoph Zehentmaier stand aus pers\u00f6nlichen Gr\u00fcnden zur Wiederwahl nicht zur Verf\u00fcgung. Thomas Landgraf \u00fcbernimmt den 1. Vorsitz zum 2. Mal und Christoph r\u00fcckt auf die 2. Vorstandsprecherposition, die vorher Thomas Landgraf inne hatte. Neu im Vorstand sind auch Richard Landgraf als Abteilungsleiter Fu\u00dfball, der Rainer Ostrowski nach vielen Jahren abgel\u00f6st hat. <\/p>\n\n\n\n<h3 class=\"wp-block-heading\">2021<\/h3>\n\n\n\n<p>Nach einem langen Lockdown durch Corona sind unsere Fu\u00dfballer wieder aktiv und starten unter neuen Regeln und Voraussetzungen in die Saison 2021\/2022.<\/p>\n","protected":false},"excerpt":{"rendered":"<p>Vereins-Chronik 1907 bis 2021 Bekanntlich l\u00e4sst sich das Rad der Geschichte, auch das der Vereinsgeschichte, nicht zur\u00fcckdrehen. Die Gedanken k\u00f6nnen aber r\u00fcckw\u00e4rtsgehen und somit manches in Erinnerung bringen. Vor allem f\u00fcr die j\u00fcngeren Mitglieder kann es interessant sein, wenn \u00dcberlieferungen aus den Gr\u00fcndungsjahren unseres Sportvereins zu Papier gebracht werden. Sie beweisen n\u00e4mlich, dass Idealismus und&#8230;<\/p>\n","protected":false},"author":2,"featured_media":0,"parent":0,"menu_order":0,"comment_status":"closed","ping_status":"closed","template":"template-page-builder.php","meta":{"footnotes":""},"class_list":["post-62","page","type-page","status-publish","hentry"],"_links":{"self":[{"href":"https:\/\/fc-niederkalbach.de\/index.php?rest_route=\/wp\/v2\/pages\/62","targetHints":{"allow":["GET"]}}],"collection":[{"href":"https:\/\/fc-niederkalbach.de\/index.php?rest_route=\/wp\/v2\/pages"}],"about":[{"href":"https:\/\/fc-niederkalbach.de\/index.php?rest_route=\/wp\/v2\/types\/page"}],"author":[{"embeddable":true,"href":"https:\/\/fc-niederkalbach.de\/index.php?rest_route=\/wp\/v2\/users\/2"}],"replies":[{"embeddable":true,"href":"https:\/\/fc-niederkalbach.de\/index.php?rest_route=%2Fwp%2Fv2%2Fcomments&post=62"}],"version-history":[{"count":10,"href":"https:\/\/fc-niederkalbach.de\/index.php?rest_route=\/wp\/v2\/pages\/62\/revisions"}],"predecessor-version":[{"id":248,"href":"https:\/\/fc-niederkalbach.de\/index.php?rest_route=\/wp\/v2\/pages\/62\/revisions\/248"}],"wp:attachment":[{"href":"https:\/\/fc-niederkalbach.de\/index.php?rest_route=%2Fwp%2Fv2%2Fmedia&parent=62"}],"curies":[{"name":"wp","href":"https:\/\/api.w.org\/{rel}","templated":true}]}}